{"id":2,"date":"2023-06-06T09:28:00","date_gmt":"2023-06-06T07:28:00","guid":{"rendered":"https:\/\/budoprojekt.pl\/?page_id=2"},"modified":"2025-07-23T09:52:21","modified_gmt":"2025-07-23T07:52:21","slug":"o-nas","status":"publish","type":"page","link":"https:\/\/budoprojekt.pl\/","title":{"rendered":"O nas"},"content":{"rendered":"<p>[et_pb_section fb_built=&#8221;1&#8243; custom_padding_last_edited=&#8221;off|desktop&#8221; admin_label=&#8221;Section&#8221; _builder_version=&#8221;4.21.0&#8243; _module_preset=&#8221;default&#8221; background_color=&#8221;rgba(255,255,255,0.92)&#8221; background_enable_image=&#8221;off&#8221; background_blend=&#8221;overlay&#8221; custom_margin=&#8221;0px||0px||false|false&#8221; custom_padding=&#8221;0px||0px||true|false&#8221; custom_padding_tablet=&#8221;0px||120px||false|false&#8221; custom_padding_phone=&#8221;0px||90px||false|false&#8221; da_popup_slug=&#8221;onas&#8221; da_disable_devices=&#8221;off|off|off&#8221; global_colors_info=&#8221;{}&#8221; da_is_popup=&#8221;off&#8221; da_exit_intent=&#8221;off&#8221; da_has_close=&#8221;on&#8221; da_alt_close=&#8221;off&#8221; da_dark_close=&#8221;off&#8221; da_not_modal=&#8221;on&#8221; da_is_singular=&#8221;off&#8221; da_with_loader=&#8221;off&#8221; da_has_shadow=&#8221;on&#8221;][et_pb_row use_custom_gutter=&#8221;on&#8221; gutter_width=&#8221;1&#8243; make_equal=&#8221;on&#8221; _builder_version=&#8221;4.21.0&#8243; _module_preset=&#8221;default&#8221; width=&#8221;90%&#8221; max_width=&#8221;1290px&#8221; custom_margin=&#8221;0px|auto|4px|auto|false|false&#8221; custom_padding=&#8221;0px||0px||false|false&#8221; global_colors_info=&#8221;{}&#8221;][et_pb_column type=&#8221;4_4&#8243; _builder_version=&#8221;4.21.0&#8243; _module_preset=&#8221;default&#8221; global_colors_info=&#8221;{}&#8221;][et_pb_image src=&#8221;https:\/\/budoprojekt.pl\/wp-content\/uploads\/2024\/02\/budoprojekt_1700x600.jpg&#8221; title_text=&#8221;budoprojekt_1700x600&#8243; align=&#8221;center&#8221; force_fullwidth=&#8221;on&#8221; _builder_version=&#8221;4.21.0&#8243; _module_preset=&#8221;default&#8221; global_colors_info=&#8221;{}&#8221;][\/et_pb_image][\/et_pb_column][\/et_pb_row][\/et_pb_section][et_pb_section fb_built=&#8221;1&#8243; custom_padding_last_edited=&#8221;off|desktop&#8221; admin_label=&#8221;Section&#8221; module_id=&#8221;onas&#8221; module_class=&#8221;onas&#8221; _builder_version=&#8221;4.21.0&#8243; _module_preset=&#8221;default&#8221; background_color=&#8221;rgba(255,255,255,0.92)&#8221; background_image=&#8221;https:\/\/budoprojekt.pl\/wp-content\/uploads\/2023\/11\/01.O_nas_TLO-1-1.png&#8221; background_blend=&#8221;overlay&#8221; custom_margin=&#8221;0px||0px||false|false&#8221; custom_padding=&#8221;50px||50px||true|false&#8221; custom_padding_tablet=&#8221;0px||120px||false|false&#8221; custom_padding_phone=&#8221;0px||90px||false|false&#8221; da_popup_slug=&#8221;onas&#8221; da_disable_devices=&#8221;off|off|off&#8221; global_colors_info=&#8221;{}&#8221; da_is_popup=&#8221;off&#8221; da_exit_intent=&#8221;off&#8221; da_has_close=&#8221;on&#8221; da_alt_close=&#8221;off&#8221; da_dark_close=&#8221;off&#8221; da_not_modal=&#8221;on&#8221; da_is_singular=&#8221;off&#8221; da_with_loader=&#8221;off&#8221; da_has_shadow=&#8221;on&#8221;][et_pb_row column_structure=&#8221;1_2,1_2&#8243; use_custom_gutter=&#8221;on&#8221; gutter_width=&#8221;1&#8243; make_equal=&#8221;on&#8221; _builder_version=&#8221;4.21.0&#8243; _module_preset=&#8221;default&#8221; width=&#8221;90%&#8221; max_width=&#8221;1290px&#8221; custom_margin=&#8221;0px|auto|4px|auto|false|false&#8221; custom_padding=&#8221;0px||0px||false|false&#8221; global_colors_info=&#8221;{}&#8221;][et_pb_column type=&#8221;1_2&#8243; _builder_version=&#8221;4.21.0&#8243; _module_preset=&#8221;default&#8221; custom_padding=&#8221;|25px|||false|false&#8221; border_color_right=&#8221;#474747&#8243; global_colors_info=&#8221;{}&#8221;][et_pb_text _builder_version=&#8221;4.21.0&#8243; _module_preset=&#8221;default&#8221; header_font=&#8221;Arial|600|||||||&#8221; header_text_align=&#8221;center&#8221; header_text_color=&#8221;#474747&#8243; header_font_size=&#8221;40px&#8221; header_letter_spacing=&#8221;-1px&#8221; vertical_offset=&#8221;-66px&#8221; horizontal_offset=&#8221;-25px&#8221; z_index=&#8221;78&#8243; horizontal_offset_tablet=&#8221;0px&#8221; horizontal_offset_phone=&#8221;0px&#8221; horizontal_offset_last_edited=&#8221;on|tablet&#8221; position_origin_a_tablet=&#8221;&#8221; position_origin_a_phone=&#8221;&#8221; position_origin_a_last_edited=&#8221;on|phone&#8221; position_origin_f_tablet=&#8221;&#8221; position_origin_f_phone=&#8221;&#8221; position_origin_f_last_edited=&#8221;on|phone&#8221; position_origin_r_tablet=&#8221;&#8221; position_origin_r_phone=&#8221;&#8221; position_origin_r_last_edited=&#8221;on|phone&#8221; custom_margin=&#8221;||0px||false|false&#8221; custom_padding=&#8221;0px||0px||false|false&#8221; header_font_size_tablet=&#8221;65px&#8221; header_font_size_phone=&#8221;46px&#8221; header_font_size_last_edited=&#8221;on|tablet&#8221; positioning_tablet=&#8221;&#8221; positioning_phone=&#8221;none&#8221; positioning_last_edited=&#8221;on|phone&#8221; custom_css_main_element=&#8221;||    -webkit-text-stroke-width:0.5px;||    stroke-width: 1px;||    -webkit-text-stroke-color: #000;||    stroke: #fff;&#8221; global_colors_info=&#8221;{}&#8221;]<\/p>\n<h1 style=\"text-align: left;\">O\u00a0nas<\/h1>\n<p>[\/et_pb_text][et_pb_text _builder_version=&#8221;4.21.0&#8243; _module_preset=&#8221;default&#8221; text_font=&#8221;Arial||||||||&#8221; text_text_color=&#8221;#000000&#8243; text_font_size=&#8221;16px&#8221; text_line_height=&#8221;1.8em&#8221; custom_margin=&#8221;0px||0px||false|false&#8221; custom_margin_tablet=&#8221;10px||0px||false|false&#8221; custom_margin_phone=&#8221;10px||0px||false|false&#8221; custom_margin_last_edited=&#8221;on|tablet&#8221; custom_padding_tablet=&#8221;0px||0px|0px|false|false&#8221; custom_padding_phone=&#8221;0px||0px|0px|false|false&#8221; custom_padding_last_edited=&#8221;on|tablet&#8221; global_colors_info=&#8221;{}&#8221;]<\/p>\n<p style=\"text-align: justify;\">BUDOPROJEKT to\u00a0wielobran\u017cowe biuro projektowe za\u0142o\u017cone w\u00a01981 roku. Od\u00a0pocz\u0105tku siedziba jest w\u00a0Katowicach. Mamy do\u015bwiadczenie w\u00a0projektowaniu obiekt\u00f3w u\u017cyteczno\u015bci publicznej (biurowc\u00f3w, terminali lotniskowych, i\u00a0innych) oraz\u00a0obiekt\u00f3w przemys\u0142owych (produkcyjnych i\u00a0magazynowych). Wi\u0119kszo\u015b\u0107 naszych projekt\u00f3w sami nadzorowali\u015bmy. Wyr\u00f3\u017cnia nas wielobran\u017cowo\u015b\u0107 bez\u00a0udzia\u0142u podwykonawc\u00f3w to\u00a0znaczy wszystkie opracowania wykonujemy we\u00a0w\u0142asnym zakresie. Aktualnie zatrudniamy <span>osiemna\u015bcie<\/span> os\u00f3b. Zarz\u0105d to dwie osoby. Dwana\u015bcie os\u00f3b to projektanci, w\u015br\u00f3d nich jedena\u015bcie os\u00f3b posiada uprawnienia budowlane. Jest rzeczoznawca budowlany i rzeczoznawca do spraw bezpiecze\u0144stwa i higieny pracy. Jedna osoba zajmuje si\u0119 prowadzeniem spraw formalnych np. uzyskiwaniem pozwole\u0144 na budow\u0119. Pozosta\u0142e osoby zajmuj\u0105 si\u0119 prac\u0105 administracyjn\u0105, ksi\u0119gowo\u015bci\u0105 i kadrami.<\/p>\n<p>[\/et_pb_text][\/et_pb_column][et_pb_column type=&#8221;1_2&#8243; _builder_version=&#8221;4.21.0&#8243; _module_preset=&#8221;default&#8221; custom_padding=&#8221;|||25px|false|false&#8221; border_color_left=&#8221;#474747&#8243; global_colors_info=&#8221;{}&#8221;][et_pb_text _builder_version=&#8221;4.21.0&#8243; _module_preset=&#8221;default&#8221; header_font=&#8221;Arial|600|||||||&#8221; header_text_align=&#8221;center&#8221; header_text_color=&#8221;#474747&#8243; header_font_size=&#8221;40px&#8221; header_letter_spacing=&#8221;-1px&#8221; vertical_offset=&#8221;-66px&#8221; horizontal_offset=&#8221;-25px&#8221; z_index=&#8221;78&#8243; horizontal_offset_tablet=&#8221;0px&#8221; horizontal_offset_phone=&#8221;0px&#8221; horizontal_offset_last_edited=&#8221;on|tablet&#8221; position_origin_a_tablet=&#8221;&#8221; position_origin_a_phone=&#8221;&#8221; position_origin_a_last_edited=&#8221;on|phone&#8221; position_origin_f_tablet=&#8221;&#8221; position_origin_f_phone=&#8221;&#8221; position_origin_f_last_edited=&#8221;on|phone&#8221; position_origin_r_tablet=&#8221;&#8221; position_origin_r_phone=&#8221;&#8221; position_origin_r_last_edited=&#8221;on|phone&#8221; custom_margin=&#8221;||0px||false|false&#8221; custom_padding=&#8221;0px||0px||false|false&#8221; header_font_size_tablet=&#8221;65px&#8221; header_font_size_phone=&#8221;46px&#8221; header_font_size_last_edited=&#8221;on|tablet&#8221; positioning_tablet=&#8221;&#8221; positioning_phone=&#8221;none&#8221; positioning_last_edited=&#8221;on|phone&#8221; custom_css_main_element=&#8221;||    -webkit-text-stroke-width:0.5px;||    stroke-width: 1px;||    -webkit-text-stroke-color: #000;||    stroke: #fff;&#8221; global_colors_info=&#8221;{}&#8221;]<\/p>\n<h1 style=\"text-align: left;\"><em>About us<\/em><\/h1>\n<p>[\/et_pb_text][et_pb_text _builder_version=&#8221;4.21.0&#8243; _module_preset=&#8221;default&#8221; text_font=&#8221;Arial||||||||&#8221; text_text_color=&#8221;#000000&#8243; text_font_size=&#8221;16px&#8221; text_line_height=&#8221;1.8em&#8221; custom_margin=&#8221;0px||0px||false|false&#8221; custom_margin_tablet=&#8221;10px||0px||false|false&#8221; custom_margin_phone=&#8221;10px||0px||false|false&#8221; custom_margin_last_edited=&#8221;on|tablet&#8221; custom_padding_tablet=&#8221;0px||0px|0px|false|false&#8221; custom_padding_phone=&#8221;0px||0px|0px|false|false&#8221; custom_padding_last_edited=&#8221;on|tablet&#8221; global_colors_info=&#8221;{}&#8221;]<\/p>\n<p style=\"text-align: justify;\"><em>BUDOPROJEKT is a\u00a0multi-disciplinary design office established in\u00a01981. From the beginning the headquarters has been in\u00a0Katowice. We\u00a0have experience in\u00a0designing public utilities (office buildings, airport terminals, and others) and industrial facilities (production and warehouse ones). We\u00a0supervised most of our designs ourselves. We\u00a0are distinguished by\u00a0a\u00a0multi-disciplinary nature without participation of subcontractors, this means that we\u00a0prepare all studies on\u00a0our own. Currently we\u00a0employ eigh<span>teen<\/span> persons. The management is two persons. Twelve persons are designers, among them eleven have civil engineering licenses. There is a civil engineering expert and experts for occupational health and safety. One person handle formal matters such as obtaining building permits. The other persons handle administrative work, accounting and human resources.<\/em><\/p>\n<p>[\/et_pb_text][\/et_pb_column][\/et_pb_row][\/et_pb_section][et_pb_section fb_built=&#8221;1&#8243; custom_padding_last_edited=&#8221;off|desktop&#8221; admin_label=&#8221;Section&#8221; module_id=&#8221;zakresuslug&#8221; module_class=&#8221;zakresuslug&#8221; _builder_version=&#8221;4.21.0&#8243; _module_preset=&#8221;default&#8221; background_color=&#8221;rgba(255,255,255,0.92)&#8221; background_image=&#8221;https:\/\/budoprojekt.pl\/wp-content\/uploads\/2023\/11\/04.Zakres_uslug_TLO-1.png&#8221; background_blend=&#8221;overlay&#8221; custom_margin=&#8221;0px||0px||false|false&#8221; custom_padding=&#8221;50px||50px||true|false&#8221; custom_padding_tablet=&#8221;0px||120px||false|false&#8221; custom_padding_phone=&#8221;0px||90px||false|false&#8221; da_popup_slug=&#8221;zakresuslug&#8221; da_disable_devices=&#8221;off|off|off&#8221; box_shadow_style=&#8221;preset6&#8243; box_shadow_blur=&#8221;20px&#8221; box_shadow_color=&#8221;#474747&#8243; box_shadow_position=&#8221;outer&#8221; global_colors_info=&#8221;{}&#8221; da_is_popup=&#8221;off&#8221; da_exit_intent=&#8221;off&#8221; da_has_close=&#8221;on&#8221; da_alt_close=&#8221;off&#8221; da_dark_close=&#8221;off&#8221; da_not_modal=&#8221;on&#8221; da_is_singular=&#8221;off&#8221; da_with_loader=&#8221;off&#8221; da_has_shadow=&#8221;on&#8221;][et_pb_row column_structure=&#8221;1_2,1_2&#8243; use_custom_gutter=&#8221;on&#8221; gutter_width=&#8221;1&#8243; make_equal=&#8221;on&#8221; _builder_version=&#8221;4.21.0&#8243; _module_preset=&#8221;default&#8221; width=&#8221;90%&#8221; max_width=&#8221;1290px&#8221; custom_margin=&#8221;0px|auto|4px|auto|false|false&#8221; custom_padding=&#8221;0px||0px||false|false&#8221; global_colors_info=&#8221;{}&#8221;][et_pb_column type=&#8221;1_2&#8243; _builder_version=&#8221;4.21.0&#8243; _module_preset=&#8221;default&#8221; custom_padding=&#8221;|25px|||false|false&#8221; border_color_right=&#8221;#474747&#8243; global_colors_info=&#8221;{}&#8221;][et_pb_text _builder_version=&#8221;4.21.0&#8243; _module_preset=&#8221;default&#8221; header_font=&#8221;Arial|600|||||||&#8221; header_text_align=&#8221;center&#8221; header_text_color=&#8221;#474747&#8243; header_font_size=&#8221;40px&#8221; header_letter_spacing=&#8221;-1px&#8221; vertical_offset=&#8221;-66px&#8221; horizontal_offset=&#8221;-25px&#8221; z_index=&#8221;78&#8243; horizontal_offset_tablet=&#8221;0px&#8221; horizontal_offset_phone=&#8221;0px&#8221; horizontal_offset_last_edited=&#8221;on|tablet&#8221; position_origin_a_tablet=&#8221;&#8221; position_origin_a_phone=&#8221;&#8221; position_origin_a_last_edited=&#8221;on|phone&#8221; position_origin_f_tablet=&#8221;&#8221; position_origin_f_phone=&#8221;&#8221; position_origin_f_last_edited=&#8221;on|phone&#8221; position_origin_r_tablet=&#8221;&#8221; position_origin_r_phone=&#8221;&#8221; position_origin_r_last_edited=&#8221;on|phone&#8221; custom_margin=&#8221;||0px||false|false&#8221; custom_padding=&#8221;0px||0px||false|false&#8221; header_font_size_tablet=&#8221;65px&#8221; header_font_size_phone=&#8221;46px&#8221; header_font_size_last_edited=&#8221;on|tablet&#8221; positioning_tablet=&#8221;&#8221; positioning_phone=&#8221;none&#8221; positioning_last_edited=&#8221;on|phone&#8221; custom_css_main_element=&#8221;||    -webkit-text-stroke-width:0.5px;||    stroke-width: 1px;||    -webkit-text-stroke-color: #000;||    stroke: #fff;&#8221; global_colors_info=&#8221;{}&#8221;]<\/p>\n<h1 style=\"text-align: left;\">Zakres us\u0142ug<\/h1>\n<p>[\/et_pb_text][et_pb_text _builder_version=&#8221;4.21.0&#8243; _module_preset=&#8221;default&#8221; text_font=&#8221;Arial||||||||&#8221; text_text_color=&#8221;#000000&#8243; text_font_size=&#8221;16px&#8221; text_line_height=&#8221;1.8em&#8221; custom_margin=&#8221;0px||0px||false|false&#8221; custom_margin_tablet=&#8221;10px||0px||false|false&#8221; custom_margin_phone=&#8221;10px||0px||false|false&#8221; custom_margin_last_edited=&#8221;on|tablet&#8221; custom_padding_tablet=&#8221;0px||0px|0px|false|false&#8221; custom_padding_phone=&#8221;0px||0px|0px|false|false&#8221; custom_padding_last_edited=&#8221;on|tablet&#8221; global_colors_info=&#8221;{}&#8221;]<\/p>\n<p style=\"text-align: justify;\">W&nbsp;ramach pracy naszego zespo\u0142u opracowujemy projekty w&nbsp;bran\u017cach: architektonicznej, konstrukcyjno-budowlanej, drogowej, elektrycznej, niskopr\u0105dowej, oraz&nbsp;sanitarnej. Zakres opracowa\u0144 obejmuje: koncepcje, projekty budowlane oraz&nbsp;projekty wykonawcze. Dodatkowo zesp\u00f3\u0142 konstrukcyjny przygotowuje projekty warsztatowe konstrukcji stalowych. Wi\u0119kszo\u015b\u0107 z&nbsp;naszych projekt\u00f3w nadzorujemy jako inspektorzy nadzoru inwestorskiego \u2013 nadz\u00f3r pe\u0142ni\u0105 projektanci posiadaj\u0105cy r\u00f3wnie\u017c uprawnienia wykonawcze.<\/p>\n<p>[\/et_pb_text][\/et_pb_column][et_pb_column type=&#8221;1_2&#8243; _builder_version=&#8221;4.21.0&#8243; _module_preset=&#8221;default&#8221; custom_padding=&#8221;|||25px|false|false&#8221; border_color_left=&#8221;#474747&#8243; global_colors_info=&#8221;{}&#8221;][et_pb_text _builder_version=&#8221;4.21.0&#8243; _module_preset=&#8221;default&#8221; header_font=&#8221;Arial|600|||||||&#8221; header_text_align=&#8221;center&#8221; header_text_color=&#8221;#474747&#8243; header_font_size=&#8221;40px&#8221; header_letter_spacing=&#8221;-1px&#8221; vertical_offset=&#8221;-66px&#8221; horizontal_offset=&#8221;-25px&#8221; z_index=&#8221;78&#8243; horizontal_offset_tablet=&#8221;0px&#8221; horizontal_offset_phone=&#8221;0px&#8221; horizontal_offset_last_edited=&#8221;on|tablet&#8221; position_origin_a_tablet=&#8221;&#8221; position_origin_a_phone=&#8221;&#8221; position_origin_a_last_edited=&#8221;on|phone&#8221; position_origin_f_tablet=&#8221;&#8221; position_origin_f_phone=&#8221;&#8221; position_origin_f_last_edited=&#8221;on|phone&#8221; position_origin_r_tablet=&#8221;&#8221; position_origin_r_phone=&#8221;&#8221; position_origin_r_last_edited=&#8221;on|phone&#8221; custom_margin=&#8221;||0px||false|false&#8221; custom_padding=&#8221;0px||0px||false|false&#8221; header_font_size_tablet=&#8221;65px&#8221; header_font_size_phone=&#8221;46px&#8221; header_font_size_last_edited=&#8221;on|tablet&#8221; positioning_tablet=&#8221;&#8221; positioning_phone=&#8221;none&#8221; positioning_last_edited=&#8221;on|phone&#8221; custom_css_main_element=&#8221;||    -webkit-text-stroke-width:0.5px;||    stroke-width: 1px;||    -webkit-text-stroke-color: #000;||    stroke: #fff;&#8221; global_colors_info=&#8221;{}&#8221;]<\/p>\n<h1 style=\"text-align: left;\"><em>Scope of services<\/em><\/h1>\n<p>[\/et_pb_text][et_pb_text _builder_version=&#8221;4.21.0&#8243; _module_preset=&#8221;default&#8221; text_font=&#8221;Arial||||||||&#8221; text_text_color=&#8221;#000000&#8243; text_font_size=&#8221;16px&#8221; text_line_height=&#8221;1.8em&#8221; custom_margin=&#8221;0px||0px||false|false&#8221; custom_margin_tablet=&#8221;10px||0px||false|false&#8221; custom_margin_phone=&#8221;10px||0px||false|false&#8221; custom_margin_last_edited=&#8221;on|tablet&#8221; custom_padding_tablet=&#8221;0px||0px|0px|false|false&#8221; custom_padding_phone=&#8221;0px||0px|0px|false|false&#8221; custom_padding_last_edited=&#8221;on|tablet&#8221; global_colors_info=&#8221;{}&#8221;]<\/p>\n<p style=\"text-align: justify;\"><em>Within work of our office we\u00a0prepare designs in\u00a0the following disciplines: architecture, building and engineering, roads, electrical, low voltage and sanitary. Scope of studies includes: concept, building and detailed designs. Additionally the structural team prepares workshop designs of steel structure. As\u00a0the investor supervision inspectors we\u00a0supervise most of our designs \u2013 supervision is exercised by\u00a0the designers additionally holding executive licences.<\/em><\/p>\n<p style=\"text-align: justify;\"><em><\/em><\/p>\n<p style=\"text-align: justify;\"><em><\/em><\/p>\n<p>[\/et_pb_text][\/et_pb_column][\/et_pb_row][\/et_pb_section][et_pb_section fb_built=&#8221;1&#8243; custom_padding_last_edited=&#8221;off|desktop&#8221; admin_label=&#8221;Section&#8221; module_id=&#8221;projekty&#8221; module_class=&#8221;projekty&#8221; _builder_version=&#8221;4.21.0&#8243; _module_preset=&#8221;default&#8221; background_color=&#8221;rgba(255,255,255,0.92)&#8221; background_image=&#8221;https:\/\/budoprojekt.pl\/wp-content\/uploads\/2023\/11\/05.Wybrane_projekty_TLO-1.png&#8221; background_blend=&#8221;overlay&#8221; custom_margin=&#8221;0px||0px||false|false&#8221; custom_padding=&#8221;50px||50px||true|false&#8221; custom_padding_tablet=&#8221;94px||110px||false|false&#8221; custom_padding_phone=&#8221;85px||80px||false|false&#8221; da_popup_slug=&#8221;projekty&#8221; da_disable_devices=&#8221;off|off|off&#8221; global_colors_info=&#8221;{}&#8221; da_is_popup=&#8221;off&#8221; da_exit_intent=&#8221;off&#8221; da_has_close=&#8221;on&#8221; da_alt_close=&#8221;off&#8221; da_dark_close=&#8221;off&#8221; da_not_modal=&#8221;on&#8221; da_is_singular=&#8221;off&#8221; da_with_loader=&#8221;off&#8221; da_has_shadow=&#8221;on&#8221;][et_pb_row _builder_version=&#8221;4.21.0&#8243; _module_preset=&#8221;default&#8221; width=&#8221;90%&#8221; max_width=&#8221;1290px&#8221; custom_margin=&#8221;0px||20px||false|false&#8221; custom_padding=&#8221;0px||0px||false|false&#8221; global_colors_info=&#8221;{}&#8221;][et_pb_column type=&#8221;4_4&#8243; _builder_version=&#8221;4.19.5&#8243; _module_preset=&#8221;default&#8221; global_colors_info=&#8221;{}&#8221;][et_pb_text _builder_version=&#8221;4.21.0&#8243; _module_preset=&#8221;default&#8221; header_font=&#8221;Arial|600|||||||&#8221; header_text_align=&#8221;center&#8221; header_text_color=&#8221;#474747&#8243; header_font_size=&#8221;40px&#8221; header_letter_spacing=&#8221;-1px&#8221; vertical_offset=&#8221;-66px&#8221; horizontal_offset=&#8221;-25px&#8221; z_index=&#8221;78&#8243; horizontal_offset_tablet=&#8221;0px&#8221; horizontal_offset_phone=&#8221;0px&#8221; horizontal_offset_last_edited=&#8221;on|tablet&#8221; position_origin_a_tablet=&#8221;&#8221; position_origin_a_phone=&#8221;&#8221; position_origin_a_last_edited=&#8221;on|phone&#8221; position_origin_f_tablet=&#8221;&#8221; position_origin_f_phone=&#8221;&#8221; position_origin_f_last_edited=&#8221;on|phone&#8221; position_origin_r_tablet=&#8221;&#8221; position_origin_r_phone=&#8221;&#8221; position_origin_r_last_edited=&#8221;on|phone&#8221; custom_margin=&#8221;||0px||false|false&#8221; custom_padding=&#8221;0px||0px||false|false&#8221; header_font_size_tablet=&#8221;65px&#8221; header_font_size_phone=&#8221;46px&#8221; header_font_size_last_edited=&#8221;on|tablet&#8221; positioning_tablet=&#8221;&#8221; positioning_phone=&#8221;none&#8221; positioning_last_edited=&#8221;on|phone&#8221; custom_css_main_element=&#8221;||    -webkit-text-stroke-width:0.5px;||    stroke-width: 1px;||    -webkit-text-stroke-color: #000;||    stroke: #fff;&#8221; global_colors_info=&#8221;{}&#8221;]<\/p>\n<h1 style=\"text-align: center;\">Wybrane projekty \/ <em>Selected designs<\/em><\/h1>\n<p>[\/et_pb_text][\/et_pb_column][\/et_pb_row][et_pb_row column_structure=&#8221;1_2,1_2&#8243; make_equal=&#8221;on&#8221; _builder_version=&#8221;4.21.0&#8243; _module_preset=&#8221;default&#8221; width=&#8221;90%&#8221; max_width=&#8221;1290px&#8221; custom_margin=&#8221;0px||20px||false|false&#8221; custom_padding=&#8221;0px||0px||false|false&#8221; global_colors_info=&#8221;{}&#8221;][et_pb_column type=&#8221;1_2&#8243; _builder_version=&#8221;4.21.0&#8243; _module_preset=&#8221;default&#8221; background_color=&#8221;#FFFFFF&#8221; custom_css_main_element=&#8221;display: flex;||flex-direction: column;||justify-content: center;&#8221; box_shadow_style=&#8221;preset2&#8243; global_colors_info=&#8221;{}&#8221;][et_pb_code _builder_version=&#8221;4.21.0&#8243; _module_preset=&#8221;default&#8221; global_colors_info=&#8221;{}&#8221;]<\/p>\n<div class=\"content-container\"><!-- [et_pb_line_break_holder] -->  <\/p>\n<div class=\"frame\"><!-- [et_pb_line_break_holder] -->    <img decoding=\"async\" src=\"https:\/\/budoprojekt.pl\/wp-content\/uploads\/slider34\/18_hangar_rzeszow_01.jpg\" alt=\"Hangar Rzesz\u00f3w\"><!-- [et_pb_line_break_holder] -->  <\/div>\n<p><!-- [et_pb_line_break_holder] -->  <\/p>\n<div class=\"text-side\"><!-- [et_pb_line_break_holder] -->    <\/p>\n<h4>Hangar \u2013 Rzesz\u00f3w<\/h4>\n<p><!-- [et_pb_line_break_holder] -->    <a href=\"#hangar-rzeszow\"><span style=\"color: #000000;\">wi\u0119cej \/ <em>more<\/em> \u279c<\/span><\/a><!-- [et_pb_line_break_holder] -->  <\/div>\n<p><!-- [et_pb_line_break_holder] --><\/div>\n<p>[\/et_pb_code][\/et_pb_column][et_pb_column type=&#8221;1_2&#8243; _builder_version=&#8221;4.21.0&#8243; _module_preset=&#8221;default&#8221; background_color=&#8221;#FFFFFF&#8221; box_shadow_style=&#8221;preset2&#8243; global_colors_info=&#8221;{}&#8221;][et_pb_code _builder_version=&#8221;4.21.0&#8243; _module_preset=&#8221;default&#8221; global_colors_info=&#8221;{}&#8221;]<\/p>\n<div class=\"content-container\"><!-- [et_pb_line_break_holder] -->  <\/p>\n<div class=\"frame\"><!-- [et_pb_line_break_holder] -->       <img decoding=\"async\" src=\"https:\/\/budoprojekt.pl\/wp-content\/uploads\/slider35\/17_wieza_pyrzowice_01.jpg\" alt=\"Wieza Kontroli Lotow - Pyrzowice\"><!-- [et_pb_line_break_holder] -->  <\/div>\n<p><!-- [et_pb_line_break_holder] -->  <\/p>\n<div class=\"text-side\"><!-- [et_pb_line_break_holder] --><\/p>\n<h4>Wie\u017ca Kontroli Lot\u00f3w \u2013 Pyrzowice<\/h4>\n<p><!-- [et_pb_line_break_holder] --><span style=\"color: #000000;\"><a href=\"#wieza-kontroli-lotow-pyrzowice\" style=\"color: #000000;\">wi\u0119cej \/ <em>more<\/em> \u279c<\/a><\/span><!-- [et_pb_line_break_holder] -->  <\/div>\n<p><!-- [et_pb_line_break_holder] --><\/div>\n<p>[\/et_pb_code][\/et_pb_column][\/et_pb_row][et_pb_row column_structure=&#8221;1_2,1_2&#8243; make_equal=&#8221;on&#8221; _builder_version=&#8221;4.21.0&#8243; _module_preset=&#8221;default&#8221; width=&#8221;90%&#8221; max_width=&#8221;1290px&#8221; custom_margin=&#8221;0px||20px||false|false&#8221; custom_padding=&#8221;0px||0px||false|false&#8221; global_colors_info=&#8221;{}&#8221;][et_pb_column type=&#8221;1_2&#8243; _builder_version=&#8221;4.21.0&#8243; _module_preset=&#8221;default&#8221; background_color=&#8221;#FFFFFF&#8221; custom_css_main_element=&#8221;display: flex;||flex-direction: column;||justify-content: center;&#8221; box_shadow_style=&#8221;preset2&#8243; global_colors_info=&#8221;{}&#8221;][et_pb_code _builder_version=&#8221;4.21.0&#8243; _module_preset=&#8221;default&#8221; global_colors_info=&#8221;{}&#8221;]<\/p>\n<div class=\"content-container\"><!-- [et_pb_line_break_holder] -->  <\/p>\n<div class=\"frame\"><!-- [et_pb_line_break_holder] -->    <img decoding=\"async\" src=\"https:\/\/budoprojekt.pl\/wp-content\/uploads\/slider18\/16_press_glass_01.jpg\" alt=\"Press Glass\"><!-- [et_pb_line_break_holder] -->  <\/div>\n<p><!-- [et_pb_line_break_holder] -->  <\/p>\n<div class=\"text-side\"><!-- [et_pb_line_break_holder] --><\/p>\n<h4>Press Glass \u2013 D\u0105browa G\u00f3rnicza<\/h4>\n<p><!-- [et_pb_line_break_holder] --><span style=\"color: #000000;\"><a href=\"#press-glass-dabrowa-gornicza\" style=\"color: #000000;\">wi\u0119cej \/\u00a0<em>more<\/em>\u00a0\u279c<\/a><\/span><\/a><!-- [et_pb_line_break_holder] -->  <\/div>\n<p><!-- [et_pb_line_break_holder] --><\/div>\n<p><!-- [et_pb_line_break_holder] -->[\/et_pb_code][\/et_pb_column][et_pb_column type=&#8221;1_2&#8243; _builder_version=&#8221;4.21.0&#8243; _module_preset=&#8221;default&#8221; background_color=&#8221;#FFFFFF&#8221; box_shadow_style=&#8221;preset2&#8243; global_colors_info=&#8221;{}&#8221;][et_pb_code _builder_version=&#8221;4.21.0&#8243; _module_preset=&#8221;default&#8221; global_colors_info=&#8221;{}&#8221;]<\/p>\n<div class=\"content-container\"><!-- [et_pb_line_break_holder] -->  <\/p>\n<div class=\"frame\"><!-- [et_pb_line_break_holder] -->    <img decoding=\"async\" src=\"https:\/\/budoprojekt.pl\/wp-content\/uploads\/slider19\/15_straznica_ruda_slaska_01.jpg\" alt=\"PSP Ruda Slaska\"><!-- [et_pb_line_break_holder] -->  <\/div>\n<p><!-- [et_pb_line_break_holder] -->  <\/p>\n<div class=\"text-side\"><!-- [et_pb_line_break_holder] --><\/p>\n<h4>Pa\u0144stwowa Stra\u017c Po\u017carna<!-- [et_pb_line_break_holder] -->\u2013 Ruda \u015al\u0105ska<\/h4>\n<p><!-- [et_pb_line_break_holder] --><span style=\"color: #000000;\"><a href=\"#panstwowa-straz-pozarna-ruda-slaska\" style=\"color: #000000;\">wi\u0119cej \/\u00a0<em>more<\/em>\u00a0\u279c<\/a><\/span><!-- [et_pb_line_break_holder] -->  <\/div>\n<p><!-- [et_pb_line_break_holder] --><\/div>\n<p><!-- [et_pb_line_break_holder] -->[\/et_pb_code][\/et_pb_column][\/et_pb_row][et_pb_row column_structure=&#8221;1_2,1_2&#8243; make_equal=&#8221;on&#8221; _builder_version=&#8221;4.21.0&#8243; _module_preset=&#8221;default&#8221; width=&#8221;90%&#8221; max_width=&#8221;1290px&#8221; custom_margin=&#8221;0px||20px||false|false&#8221; custom_padding=&#8221;0px||0px||false|false&#8221; global_colors_info=&#8221;{}&#8221;][et_pb_column type=&#8221;1_2&#8243; _builder_version=&#8221;4.21.0&#8243; _module_preset=&#8221;default&#8221; background_color=&#8221;#FFFFFF&#8221; custom_css_main_element=&#8221;display: flex;||flex-direction: column;||justify-content: center;&#8221; box_shadow_style=&#8221;preset2&#8243; global_colors_info=&#8221;{}&#8221;][et_pb_code _builder_version=&#8221;4.21.0&#8243; _module_preset=&#8221;default&#8221; global_colors_info=&#8221;{}&#8221;]<\/p>\n<div class=\"content-container\"><!-- [et_pb_line_break_holder] -->  <\/p>\n<div class=\"frame\"><!-- [et_pb_line_break_holder] -->    <img decoding=\"async\" src=\"https:\/\/budoprojekt.pl\/wp-content\/uploads\/slider20\/14_straznica_psp_bytom_01.jpg\" alt=\"Press Glass\"><!-- [et_pb_line_break_holder] -->  <\/div>\n<p><!-- [et_pb_line_break_holder] -->  <\/p>\n<div class=\"text-side\"><!-- [et_pb_line_break_holder] --><\/p>\n<h4>Pa\u0144stwowa Stra\u017c Po\u017carna<!-- [et_pb_line_break_holder] -->\u2013 Bytom<\/h4>\n<p><!-- [et_pb_line_break_holder] --><span style=\"color: #000000;\"><a href=\"#panstwowa-straz-pozarna-bytom\" style=\"color: #000000;\">wi\u0119cej \/\u00a0<em>more<\/em>\u00a0\u279c<\/a><\/span><\/a><!-- [et_pb_line_break_holder] -->  <\/div>\n<p><!-- [et_pb_line_break_holder] --><\/div>\n<p><!-- [et_pb_line_break_holder] -->[\/et_pb_code][\/et_pb_column][et_pb_column type=&#8221;1_2&#8243; _builder_version=&#8221;4.21.0&#8243; _module_preset=&#8221;default&#8221; background_color=&#8221;#FFFFFF&#8221; box_shadow_style=&#8221;preset2&#8243; global_colors_info=&#8221;{}&#8221;][et_pb_code _builder_version=&#8221;4.21.0&#8243; _module_preset=&#8221;default&#8221; global_colors_info=&#8221;{}&#8221;]<\/p>\n<div class=\"content-container\"><!-- [et_pb_line_break_holder] -->  <\/p>\n<div class=\"frame\"><!-- [et_pb_line_break_holder] -->    <img decoding=\"async\" src=\"https:\/\/budoprojekt.pl\/wp-content\/uploads\/slider21\/13_straznica_psp_katowice_01.jpg\" alt=\"Hangar Rzesz\u00f3w\"><!-- [et_pb_line_break_holder] -->  <\/div>\n<p><!-- [et_pb_line_break_holder] -->  <\/p>\n<div class=\"text-side\"><!-- [et_pb_line_break_holder] --><\/p>\n<h4>Pa\u0144stwowa Stra\u017c Po\u017carna<!-- [et_pb_line_break_holder] -->\u2013 Katowice<\/h4>\n<p><!-- [et_pb_line_break_holder] --><span style=\"color: #000000;\"><a href=\"#panstwowa-straz-pozarna-katowice\" style=\"color: #000000;\">wi\u0119cej \/\u00a0<em>more<\/em>\u00a0\u279c<\/a><\/span><!-- [et_pb_line_break_holder] -->  <\/div>\n<p><!-- [et_pb_line_break_holder] --><\/div>\n<p><!-- [et_pb_line_break_holder] -->[\/et_pb_code][\/et_pb_column][\/et_pb_row][et_pb_row column_structure=&#8221;1_2,1_2&#8243; make_equal=&#8221;on&#8221; _builder_version=&#8221;4.21.0&#8243; _module_preset=&#8221;default&#8221; width=&#8221;90%&#8221; max_width=&#8221;1290px&#8221; custom_margin=&#8221;0px||20px||false|false&#8221; custom_padding=&#8221;0px||0px||false|false&#8221; global_colors_info=&#8221;{}&#8221;][et_pb_column type=&#8221;1_2&#8243; _builder_version=&#8221;4.21.0&#8243; _module_preset=&#8221;default&#8221; background_color=&#8221;#FFFFFF&#8221; custom_css_main_element=&#8221;display: flex;||flex-direction: column;||justify-content: center;&#8221; box_shadow_style=&#8221;preset2&#8243; global_colors_info=&#8221;{}&#8221;][et_pb_code _builder_version=&#8221;4.21.0&#8243; _module_preset=&#8221;default&#8221; global_colors_info=&#8221;{}&#8221;]<\/p>\n<div class=\"content-container\"><!-- [et_pb_line_break_holder] -->  <\/p>\n<div class=\"frame\"><!-- [et_pb_line_break_holder] -->    <img decoding=\"async\" src=\"https:\/\/budoprojekt.pl\/wp-content\/uploads\/slider22\/12_outokumpu_dg_01.jpg\" alt=\"Press Glass\"><!-- [et_pb_line_break_holder] -->  <\/div>\n<p><!-- [et_pb_line_break_holder] -->  <\/p>\n<div class=\"text-side\"><!-- [et_pb_line_break_holder] --><\/p>\n<h4>Outokumpu \u2013 D\u0105browa G\u00f3rnicza<\/h4>\n<p><!-- [et_pb_line_break_holder] --><span style=\"color: #000000;\"><a href=\"#outokumpu-dabrowa-gornicza\" style=\"color: #000000;\">wi\u0119cej \/\u00a0<em>more<\/em>\u00a0\u279c<\/a><\/span><\/a><!-- [et_pb_line_break_holder] -->  <\/div>\n<p><!-- [et_pb_line_break_holder] --><\/div>\n<p><!-- [et_pb_line_break_holder] -->[\/et_pb_code][\/et_pb_column][et_pb_column type=&#8221;1_2&#8243; _builder_version=&#8221;4.21.0&#8243; _module_preset=&#8221;default&#8221; background_color=&#8221;#FFFFFF&#8221; box_shadow_style=&#8221;preset2&#8243; global_colors_info=&#8221;{}&#8221;][et_pb_code _builder_version=&#8221;4.21.0&#8243; _module_preset=&#8221;default&#8221; global_colors_info=&#8221;{}&#8221;]<\/p>\n<div class=\"content-container\"><!-- [et_pb_line_break_holder] -->  <\/p>\n<div class=\"frame\"><!-- [et_pb_line_break_holder] -->    <img decoding=\"async\" src=\"https:\/\/budoprojekt.pl\/wp-content\/uploads\/slider23\/11_terminale_pyrzowice_01.jpg\" alt=\"Hangar Rzesz\u00f3w\"><!-- [et_pb_line_break_holder] -->  <\/div>\n<p><!-- [et_pb_line_break_holder] -->  <\/p>\n<div class=\"text-side\"><!-- [et_pb_line_break_holder] --><\/p>\n<h4>Terminale pasa\u017cerskie A, B, C<!-- [et_pb_line_break_holder] -->\u2013 Pyrzowice<\/h4>\n<p><!-- [et_pb_line_break_holder] --><span style=\"color: #000000;\"><a href=\"#terminale-pasazerskie-a-b-c-pyrzowice\" style=\"color: #000000;\">wi\u0119cej \/\u00a0<em>more<\/em>\u00a0\u279c<\/a><\/span><!-- [et_pb_line_break_holder] -->  <\/div>\n<p><!-- [et_pb_line_break_holder] --><\/div>\n<p><!-- [et_pb_line_break_holder] -->[\/et_pb_code][\/et_pb_column][\/et_pb_row][et_pb_row column_structure=&#8221;1_2,1_2&#8243; make_equal=&#8221;on&#8221; _builder_version=&#8221;4.21.0&#8243; _module_preset=&#8221;default&#8221; width=&#8221;90%&#8221; max_width=&#8221;1290px&#8221; custom_margin=&#8221;0px||20px||false|false&#8221; custom_padding=&#8221;0px||0px||false|false&#8221; global_colors_info=&#8221;{}&#8221;][et_pb_column type=&#8221;1_2&#8243; _builder_version=&#8221;4.21.0&#8243; _module_preset=&#8221;default&#8221; background_color=&#8221;#FFFFFF&#8221; custom_css_main_element=&#8221;display: flex;||flex-direction: column;||justify-content: center;&#8221; box_shadow_style=&#8221;preset2&#8243; global_colors_info=&#8221;{}&#8221;][et_pb_code _builder_version=&#8221;4.21.0&#8243; _module_preset=&#8221;default&#8221; global_colors_info=&#8221;{}&#8221;]<\/p>\n<div class=\"content-container\"><!-- [et_pb_line_break_holder] -->  <\/p>\n<div class=\"frame\"><!-- [et_pb_line_break_holder] -->    <img decoding=\"async\" src=\"https:\/\/budoprojekt.pl\/wp-content\/uploads\/slider24\/10_cargo_pyrzowice_01.jpg\" alt=\"Press Glass\"><!-- [et_pb_line_break_holder] -->  <\/div>\n<p><!-- [et_pb_line_break_holder] -->  <\/p>\n<div class=\"text-side\"><!-- [et_pb_line_break_holder] --><\/p>\n<h4>Terminal cargo \u2013 Pyrzowice<\/h4>\n<p><!-- [et_pb_line_break_holder] --><span style=\"color: #000000;\"><a href=\"#terminal-cargo-pyrzowice\" style=\"color: #000000;\">wi\u0119cej \/\u00a0<em>more<\/em>\u00a0\u279c<\/a><\/span><\/a><!-- [et_pb_line_break_holder] -->  <\/div>\n<p><!-- [et_pb_line_break_holder] --><\/div>\n<p><!-- [et_pb_line_break_holder] -->[\/et_pb_code][\/et_pb_column][et_pb_column type=&#8221;1_2&#8243; _builder_version=&#8221;4.21.0&#8243; _module_preset=&#8221;default&#8221; background_color=&#8221;#FFFFFF&#8221; box_shadow_style=&#8221;preset2&#8243; global_colors_info=&#8221;{}&#8221;][et_pb_code _builder_version=&#8221;4.21.0&#8243; _module_preset=&#8221;default&#8221; global_colors_info=&#8221;{}&#8221;]<\/p>\n<div class=\"content-container\"><!-- [et_pb_line_break_holder] -->  <\/p>\n<div class=\"frame\"><!-- [et_pb_line_break_holder] -->    <img decoding=\"async\" src=\"https:\/\/budoprojekt.pl\/wp-content\/uploads\/slider25\/09_thyssen_01.jpg\" alt=\"Hangar Rzesz\u00f3w\"><!-- [et_pb_line_break_holder] -->  <\/div>\n<p><!-- [et_pb_line_break_holder] -->  <\/p>\n<div class=\"text-side\"><!-- [et_pb_line_break_holder] --><\/p>\n<h4>ThyssenKrupp<!-- [et_pb_line_break_holder] -->\u2013 D\u0105browa G\u00f3rnicza, B\u0142onie,<!-- [et_pb_line_break_holder] -->Nowe Marzy<\/h4>\n<p><!-- [et_pb_line_break_holder] --><span style=\"color: #000000;\"><a href=\"#thyssenkrupp-dabrowa-gornicza-nowe-marzy-blonie\" style=\"color: #000000;\">wi\u0119cej \/\u00a0<em>more<\/em>\u00a0\u279c<\/a><\/span><!-- [et_pb_line_break_holder] -->  <\/div>\n<p><!-- [et_pb_line_break_holder] --><\/div>\n<p><!-- [et_pb_line_break_holder] -->[\/et_pb_code][\/et_pb_column][\/et_pb_row][et_pb_row column_structure=&#8221;1_2,1_2&#8243; make_equal=&#8221;on&#8221; _builder_version=&#8221;4.21.0&#8243; _module_preset=&#8221;default&#8221; width=&#8221;90%&#8221; max_width=&#8221;1290px&#8221; custom_margin=&#8221;0px||20px||false|false&#8221; custom_padding=&#8221;0px||0px||false|false&#8221; global_colors_info=&#8221;{}&#8221;][et_pb_column type=&#8221;1_2&#8243; _builder_version=&#8221;4.21.0&#8243; _module_preset=&#8221;default&#8221; background_color=&#8221;#FFFFFF&#8221; custom_css_main_element=&#8221;display: flex;||flex-direction: column;||justify-content: center;&#8221; box_shadow_style=&#8221;preset2&#8243; global_colors_info=&#8221;{}&#8221;][et_pb_code _builder_version=&#8221;4.21.0&#8243; _module_preset=&#8221;default&#8221; global_colors_info=&#8221;{}&#8221;]<\/p>\n<div class=\"content-container\"><!-- [et_pb_line_break_holder] -->  <\/p>\n<div class=\"frame\"><!-- [et_pb_line_break_holder] -->    <img decoding=\"async\" src=\"https:\/\/budoprojekt.pl\/wp-content\/uploads\/slider26\/08_hangar_pyrzowice_01.jpg\" alt=\"Press Glass\"><!-- [et_pb_line_break_holder] -->  <\/div>\n<p><!-- [et_pb_line_break_holder] -->  <\/p>\n<div class=\"text-side\"><!-- [et_pb_line_break_holder] --><\/p>\n<h4>Hangar \u2013 Pyrzowice<\/h4>\n<p><!-- [et_pb_line_break_holder] --><span style=\"color: #000000;\"><a href=\"#hangar-pyrzowice\" style=\"color: #000000;\">wi\u0119cej \/\u00a0<em>more<\/em>\u00a0\u279c<\/a><\/span><\/a><!-- [et_pb_line_break_holder] -->  <\/div>\n<p><!-- [et_pb_line_break_holder] --><\/div>\n<p><!-- [et_pb_line_break_holder] -->[\/et_pb_code][\/et_pb_column][et_pb_column type=&#8221;1_2&#8243; _builder_version=&#8221;4.21.0&#8243; _module_preset=&#8221;default&#8221; background_color=&#8221;#FFFFFF&#8221; box_shadow_style=&#8221;preset2&#8243; global_colors_info=&#8221;{}&#8221;][et_pb_code _builder_version=&#8221;4.21.0&#8243; _module_preset=&#8221;default&#8221; global_colors_info=&#8221;{}&#8221;]<\/p>\n<div class=\"content-container\"><!-- [et_pb_line_break_holder] -->  <\/p>\n<div class=\"frame\"><!-- [et_pb_line_break_holder] -->    <img decoding=\"async\" src=\"https:\/\/budoprojekt.pl\/wp-content\/uploads\/slider27\/07_rosa_tychy_01.jpg\" alt=\"Hangar Rzesz\u00f3w\"><!-- [et_pb_line_break_holder] -->  <\/div>\n<p><!-- [et_pb_line_break_holder] -->  <\/p>\n<div class=\"text-side\"><!-- [et_pb_line_break_holder] --><\/p>\n<h4>Rosa \u2013 Tychy<\/h4>\n<p><!-- [et_pb_line_break_holder] --><span style=\"color: #000000;\"><a href=\"#rosa-tychy\" style=\"color: #000000;\">wi\u0119cej \/\u00a0<em>more<\/em>\u00a0\u279c<\/a><\/span><!-- [et_pb_line_break_holder] -->  <\/div>\n<p><!-- [et_pb_line_break_holder] --><\/div>\n<p><!-- [et_pb_line_break_holder] -->[\/et_pb_code][\/et_pb_column][\/et_pb_row][et_pb_row column_structure=&#8221;1_2,1_2&#8243; make_equal=&#8221;on&#8221; _builder_version=&#8221;4.21.0&#8243; _module_preset=&#8221;default&#8221; width=&#8221;90%&#8221; max_width=&#8221;1290px&#8221; custom_margin=&#8221;0px||20px||false|false&#8221; custom_padding=&#8221;0px||0px||false|false&#8221; global_colors_info=&#8221;{}&#8221;][et_pb_column type=&#8221;1_2&#8243; _builder_version=&#8221;4.21.0&#8243; _module_preset=&#8221;default&#8221; background_color=&#8221;#FFFFFF&#8221; custom_css_main_element=&#8221;display: flex;||flex-direction: column;||justify-content: center;&#8221; box_shadow_style=&#8221;preset2&#8243; global_colors_info=&#8221;{}&#8221;][et_pb_code _builder_version=&#8221;4.21.0&#8243; _module_preset=&#8221;default&#8221; global_colors_info=&#8221;{}&#8221;]<\/p>\n<div class=\"content-container\"><!-- [et_pb_line_break_holder] -->  <\/p>\n<div class=\"frame\"><!-- [et_pb_line_break_holder] -->    <img decoding=\"async\" src=\"https:\/\/budoprojekt.pl\/wp-content\/uploads\/slider28\/06_lm_rozne_01.jpg\" alt=\"Press Glass\"><!-- [et_pb_line_break_holder] -->  <\/div>\n<p><!-- [et_pb_line_break_holder] -->  <\/p>\n<div class=\"text-side\"><!-- [et_pb_line_break_holder] --><\/p>\n<h4>Leroy Merlin \u2013 Bielsko-Bia\u0142a,<!-- [et_pb_line_break_holder] -->Cieszyn, Gliwice, Miko\u0142\u00f3w,<!-- [et_pb_line_break_holder] -->Sosnowiec, \u017bory, Poczesna<\/h4>\n<p><!-- [et_pb_line_break_holder] --><span style=\"color: #000000;\"><a href=\"#leroy-merlin-bielsko-biala-cieszyn-gliwice-mikolow-sosnowiec-zory-poczesna\" style=\"color: #000000;\">wi\u0119cej \/\u00a0<em>more<\/em>\u00a0\u279c<\/a><\/span><!-- [et_pb_line_break_holder] --><\/a><!-- [et_pb_line_break_holder] -->  <\/div>\n<p><!-- [et_pb_line_break_holder] --><\/div>\n<p><!-- [et_pb_line_break_holder] -->[\/et_pb_code][\/et_pb_column][et_pb_column type=&#8221;1_2&#8243; _builder_version=&#8221;4.21.0&#8243; _module_preset=&#8221;default&#8221; background_color=&#8221;#FFFFFF&#8221; box_shadow_style=&#8221;preset2&#8243; global_colors_info=&#8221;{}&#8221;][et_pb_code _builder_version=&#8221;4.21.0&#8243; _module_preset=&#8221;default&#8221; global_colors_info=&#8221;{}&#8221;]<\/p>\n<div class=\"content-container\"><!-- [et_pb_line_break_holder] -->  <\/p>\n<div class=\"frame\"><!-- [et_pb_line_break_holder] -->    <img decoding=\"async\" src=\"https:\/\/budoprojekt.pl\/wp-content\/uploads\/slider29\/05_sl_zory_01.jpg\" alt=\"Hangar Rzesz\u00f3w\"><!-- [et_pb_line_break_holder] -->  <\/div>\n<p><!-- [et_pb_line_break_holder] -->  <\/p>\n<div class=\"text-side\"><!-- [et_pb_line_break_holder] --><\/p>\n<h4>SL Poland \u2013 \u017bory<\/h4>\n<p><!-- [et_pb_line_break_holder] --><span style=\"color: #000000;\"><a href=\"#sl-poland-zory\" style=\"color: #000000;\">wi\u0119cej \/\u00a0<em>more<\/em>\u00a0\u279c<\/a><\/span><!-- [et_pb_line_break_holder] -->  <\/div>\n<p><!-- [et_pb_line_break_holder] --><\/div>\n<p><!-- [et_pb_line_break_holder] -->[\/et_pb_code][\/et_pb_column][\/et_pb_row][et_pb_row column_structure=&#8221;1_2,1_2&#8243; make_equal=&#8221;on&#8221; _builder_version=&#8221;4.21.0&#8243; _module_preset=&#8221;default&#8221; width=&#8221;90%&#8221; max_width=&#8221;1290px&#8221; custom_margin=&#8221;0px||20px||false|false&#8221; custom_padding=&#8221;0px||0px||false|false&#8221; global_colors_info=&#8221;{}&#8221;][et_pb_column type=&#8221;1_2&#8243; _builder_version=&#8221;4.21.0&#8243; _module_preset=&#8221;default&#8221; background_color=&#8221;#FFFFFF&#8221; custom_css_main_element=&#8221;display: flex;||flex-direction: column;||justify-content: center;&#8221; box_shadow_style=&#8221;preset2&#8243; global_colors_info=&#8221;{}&#8221;][et_pb_code _builder_version=&#8221;4.21.0&#8243; _module_preset=&#8221;default&#8221; global_colors_info=&#8221;{}&#8221;]<\/p>\n<div class=\"content-container\"><!-- [et_pb_line_break_holder] -->  <\/p>\n<div class=\"frame\"><!-- [et_pb_line_break_holder] -->    <img decoding=\"async\" src=\"https:\/\/budoprojekt.pl\/wp-content\/uploads\/slider30\/04_brembo_dg_01.jpg\" alt=\"Press Glass\"><!-- [et_pb_line_break_holder] -->  <\/div>\n<p><!-- [et_pb_line_break_holder] -->  <\/p>\n<div class=\"text-side\"><!-- [et_pb_line_break_holder] --><\/p>\n<h4>Brembo \u2013 D\u0105browa G\u00f3rnicza<\/h4>\n<p><!-- [et_pb_line_break_holder] --><span style=\"color: #000000;\"><a href=\"#brembo-dabrowa-gornicza\" style=\"color: #000000;\">wi\u0119cej \/\u00a0<em>more<\/em>\u00a0\u279c<\/a><\/span><!-- [et_pb_line_break_holder] --><\/a><!-- [et_pb_line_break_holder] -->  <\/div>\n<p><!-- [et_pb_line_break_holder] --><\/div>\n<p><!-- [et_pb_line_break_holder] -->[\/et_pb_code][\/et_pb_column][et_pb_column type=&#8221;1_2&#8243; _builder_version=&#8221;4.21.0&#8243; _module_preset=&#8221;default&#8221; background_color=&#8221;#FFFFFF&#8221; box_shadow_style=&#8221;preset2&#8243; global_colors_info=&#8221;{}&#8221;][et_pb_code _builder_version=&#8221;4.21.0&#8243; _module_preset=&#8221;default&#8221; global_colors_info=&#8221;{}&#8221;]<\/p>\n<div class=\"content-container\"><!-- [et_pb_line_break_holder] -->  <\/p>\n<div class=\"frame\"><!-- [et_pb_line_break_holder] -->    <img decoding=\"async\" src=\"https:\/\/budoprojekt.pl\/wp-content\/uploads\/2024\/02\/03_centrum_kultury_01.jpg\" alt=\"Hangar Rzesz\u00f3w\"><!-- [et_pb_line_break_holder] -->  <\/div>\n<p><!-- [et_pb_line_break_holder] -->  <\/p>\n<div class=\"text-side\"><!-- [et_pb_line_break_holder] --><\/p>\n<h4>Centrum kultury \u2013 Katowice<\/h4>\n<p><!-- [et_pb_line_break_holder] --><span style=\"color: #000000;\"><a href=\"#centrum-kultury-katowice\" style=\"color: #000000;\">wi\u0119cej \/\u00a0<em>more<\/em>\u00a0\u279c<\/a><\/span><!-- [et_pb_line_break_holder] -->  <\/div>\n<p><!-- [et_pb_line_break_holder] --><\/div>\n<p><!-- [et_pb_line_break_holder] -->[\/et_pb_code][\/et_pb_column][\/et_pb_row][et_pb_row column_structure=&#8221;1_2,1_2&#8243; make_equal=&#8221;on&#8221; _builder_version=&#8221;4.21.0&#8243; _module_preset=&#8221;default&#8221; width=&#8221;90%&#8221; max_width=&#8221;1290px&#8221; custom_margin=&#8221;0px||20px||false|false&#8221; custom_padding=&#8221;0px||0px||false|false&#8221; global_colors_info=&#8221;{}&#8221;][et_pb_column type=&#8221;1_2&#8243; _builder_version=&#8221;4.21.0&#8243; _module_preset=&#8221;default&#8221; background_color=&#8221;#FFFFFF&#8221; custom_css_main_element=&#8221;display: flex;||flex-direction: column;||justify-content: center;&#8221; box_shadow_style=&#8221;preset2&#8243; global_colors_info=&#8221;{}&#8221;][et_pb_code _builder_version=&#8221;4.21.0&#8243; _module_preset=&#8221;default&#8221; global_colors_info=&#8221;{}&#8221;]<\/p>\n<div class=\"content-container\"><!-- [et_pb_line_break_holder] -->  <\/p>\n<div class=\"frame\"><!-- [et_pb_line_break_holder] -->    <img decoding=\"async\" src=\"https:\/\/budoprojekt.pl\/wp-content\/uploads\/slider31\/02_hala_widowiskowa_01.jpg\" alt=\"Press Glass\"><!-- [et_pb_line_break_holder] -->  <\/div>\n<p><!-- [et_pb_line_break_holder] -->  <\/p>\n<div class=\"text-side\"><!-- [et_pb_line_break_holder] --><\/p>\n<h4>Hala Widowiskowo-Sportowa<!-- [et_pb_line_break_holder] -->\u2013 D\u0105browa G\u00f3rnicza<\/h4>\n<p><!-- [et_pb_line_break_holder] --><span style=\"color: #000000;\"><a href=\"#hala-widowiskowo-sportowa-dabrowa-gornicza\" style=\"color: #000000;\">wi\u0119cej \/\u00a0<em>more<\/em>\u00a0\u279c<\/a><\/span><!-- [et_pb_line_break_holder] --><\/a><!-- [et_pb_line_break_holder] -->  <\/div>\n<p><!-- [et_pb_line_break_holder] --><\/div>\n<p><!-- [et_pb_line_break_holder] -->[\/et_pb_code][\/et_pb_column][et_pb_column type=&#8221;1_2&#8243; _builder_version=&#8221;4.21.0&#8243; _module_preset=&#8221;default&#8221; background_color=&#8221;#FFFFFF&#8221; box_shadow_style=&#8221;preset2&#8243; global_colors_info=&#8221;{}&#8221;][et_pb_code _builder_version=&#8221;4.21.0&#8243; _module_preset=&#8221;default&#8221; global_colors_info=&#8221;{}&#8221;]<\/p>\n<div class=\"content-container\"><!-- [et_pb_line_break_holder] -->  <\/p>\n<div class=\"frame\"><!-- [et_pb_line_break_holder] -->    <img decoding=\"async\" src=\"https:\/\/budoprojekt.pl\/wp-content\/uploads\/slider32\/01_jesionowa_01.jpg\" alt=\"Hangar Rzesz\u00f3w\"><!-- [et_pb_line_break_holder] -->  <\/div>\n<p><!-- [et_pb_line_break_holder] -->  <\/p>\n<div class=\"text-side\"><!-- [et_pb_line_break_holder] --><\/p>\n<h4>Budynki mieszkalne \u2013 Katowice<\/h4>\n<p><!-- [et_pb_line_break_holder] --><span style=\"color: #000000;\"><a href=\"#budynki-mieszkalne-katowice\" style=\"color: #000000;\">wi\u0119cej \/\u00a0<em>more<\/em>\u00a0\u279c<\/a><\/span><!-- [et_pb_line_break_holder] -->  <\/div>\n<p><!-- [et_pb_line_break_holder] --><\/div>\n<p><!-- [et_pb_line_break_holder] -->[\/et_pb_code][\/et_pb_column][\/et_pb_row][\/et_pb_section][et_pb_section fb_built=&#8221;1&#8243; custom_padding_last_edited=&#8221;off|desktop&#8221; admin_label=&#8221;Section&#8221; module_id=&#8221;biuroimy&#8221; module_class=&#8221;biuroimy&#8221; _builder_version=&#8221;4.21.0&#8243; _module_preset=&#8221;default&#8221; background_color=&#8221;rgba(255,255,255,0.92)&#8221; background_image=&#8221;https:\/\/budoprojekt.pl\/wp-content\/uploads\/2023\/11\/03.Biuro_i_my_TLO-1.png&#8221; background_position=&#8221;top_center&#8221; background_blend=&#8221;overlay&#8221; custom_padding=&#8221;50px||50px||true|false&#8221; custom_padding_tablet=&#8221;94px||110px||false|false&#8221; custom_padding_phone=&#8221;85px||80px||false|false&#8221; da_popup_slug=&#8221;biuroimy&#8221; da_disable_devices=&#8221;off|off|off&#8221; box_shadow_style=&#8221;preset6&#8243; box_shadow_blur=&#8221;20px&#8221; box_shadow_color=&#8221;#474747&#8243; box_shadow_position=&#8221;outer&#8221; global_colors_info=&#8221;{}&#8221; da_is_popup=&#8221;off&#8221; da_exit_intent=&#8221;off&#8221; da_has_close=&#8221;on&#8221; da_alt_close=&#8221;off&#8221; da_dark_close=&#8221;off&#8221; da_not_modal=&#8221;on&#8221; da_is_singular=&#8221;off&#8221; da_with_loader=&#8221;off&#8221; da_has_shadow=&#8221;on&#8221;][et_pb_row column_structure=&#8221;1_5,3_5,1_5&#8243; use_custom_gutter=&#8221;on&#8221; gutter_width=&#8221;1&#8243; _builder_version=&#8221;4.21.0&#8243; _module_preset=&#8221;default&#8221; width=&#8221;90%&#8221; max_width=&#8221;1290px&#8221; custom_margin=&#8221;0px|auto|4px|auto|false|false&#8221; custom_padding=&#8221;0px||25px||false|false&#8221; global_colors_info=&#8221;{}&#8221;][et_pb_column type=&#8221;1_5&#8243; _builder_version=&#8221;4.21.0&#8243; _module_preset=&#8221;default&#8221; custom_padding=&#8221;|25px|||false|false&#8221; custom_css_main_element=&#8221;width: 10%!important;||&#8221; border_color_left=&#8221;#474747&#8243; global_colors_info=&#8221;{}&#8221;][et_pb_image src=&#8221;https:\/\/budoprojekt.pl\/wp-content\/uploads\/2024\/01\/budynek1.jpg&#8221; title_text=&#8221;budynek1&#8243; url=&#8221;#biuro-i-my-1&#8243; align=&#8221;center&#8221; force_fullwidth=&#8221;on&#8221; _builder_version=&#8221;4.21.0&#8243; _module_preset=&#8221;default&#8221; custom_margin=&#8221;20px||||false|false&#8221; box_shadow_style=&#8221;preset2&#8243; box_shadow_color=&#8221;rgba(0,0,0,0.56)&#8221; global_colors_info=&#8221;{}&#8221;][\/et_pb_image][et_pb_text _builder_version=&#8221;4.21.0&#8243; _module_preset=&#8221;default&#8221; text_font=&#8221;Arial||||||||&#8221; text_text_color=&#8221;#000000&#8243; text_font_size=&#8221;12px&#8221; text_line_height=&#8221;1.2em&#8221; custom_padding=&#8221;10px||||false|false&#8221; link_option_url=&#8221;#biuro-i-my-1&#8243; global_colors_info=&#8221;{}&#8221;]<\/p>\n<p style=\"text-align: center;\">powi\u0119ksz \/<br \/><em>zoom\u00a0<\/em><\/p>\n<p>[\/et_pb_text][\/et_pb_column][et_pb_column type=&#8221;3_5&#8243; _builder_version=&#8221;4.21.0&#8243; _module_preset=&#8221;default&#8221; custom_padding=&#8221;|25px||25px|false|false&#8221; custom_css_main_element=&#8221;width: 45%!important;||&#8221; border_color_right=&#8221;#474747&#8243; global_colors_info=&#8221;{}&#8221;][et_pb_text _builder_version=&#8221;4.21.0&#8243; _module_preset=&#8221;default&#8221; header_font=&#8221;Arial|600|||||||&#8221; header_text_align=&#8221;center&#8221; header_text_color=&#8221;#474747&#8243; header_font_size=&#8221;40px&#8221; header_letter_spacing=&#8221;-1px&#8221; vertical_offset=&#8221;-66px&#8221; horizontal_offset=&#8221;-25px&#8221; z_index=&#8221;78&#8243; horizontal_offset_tablet=&#8221;0px&#8221; horizontal_offset_phone=&#8221;0px&#8221; horizontal_offset_last_edited=&#8221;on|tablet&#8221; position_origin_a_tablet=&#8221;&#8221; position_origin_a_phone=&#8221;&#8221; position_origin_a_last_edited=&#8221;on|phone&#8221; position_origin_f_tablet=&#8221;&#8221; position_origin_f_phone=&#8221;&#8221; position_origin_f_last_edited=&#8221;on|phone&#8221; position_origin_r_tablet=&#8221;&#8221; position_origin_r_phone=&#8221;&#8221; position_origin_r_last_edited=&#8221;on|phone&#8221; custom_margin=&#8221;||0px||false|false&#8221; custom_padding=&#8221;0px||0px||false|false&#8221; header_font_size_tablet=&#8221;65px&#8221; header_font_size_phone=&#8221;46px&#8221; header_font_size_last_edited=&#8221;on|tablet&#8221; positioning_tablet=&#8221;&#8221; positioning_phone=&#8221;none&#8221; positioning_last_edited=&#8221;on|phone&#8221; custom_css_main_element=&#8221;||    -webkit-text-stroke-width:0.5px;||    stroke-width: 1px;||    -webkit-text-stroke-color: #000;||    stroke: #fff;&#8221; global_colors_info=&#8221;{}&#8221;]<\/p>\n<h1 style=\"text-align: left;\">Biuro i&nbsp;my<\/h1>\n<p>[\/et_pb_text][et_pb_text _builder_version=&#8221;4.21.0&#8243; _module_preset=&#8221;default&#8221; text_font=&#8221;Arial||||||||&#8221; text_text_color=&#8221;#000000&#8243; text_font_size=&#8221;16px&#8221; text_line_height=&#8221;1.8em&#8221; custom_margin=&#8221;0px||0px||false|false&#8221; custom_margin_tablet=&#8221;10px||0px||false|false&#8221; custom_margin_phone=&#8221;10px||0px||false|false&#8221; custom_margin_last_edited=&#8221;on|tablet&#8221; custom_padding_tablet=&#8221;0px||0px|0px|false|false&#8221; custom_padding_phone=&#8221;0px||0px|0px|false|false&#8221; custom_padding_last_edited=&#8221;on|tablet&#8221; global_colors_info=&#8221;{}&#8221;]<\/p>\n<p style=\"text-align: justify;\">Od\u00a0sierpnia 2022 roku siedziba naszego biura mie\u015bci si\u0119 przy ulicy Kr\u00f3lowej Jadwigi 10, w\u00a0\u015br\u00f3dmie\u015bciu Katowic, w\u00a0pobli\u017cu Urz\u0119du Wojew\u00f3dzkiego, Katedry, Polskiego Radia Katowice. Budynek, w\u00a0kt\u00f3rym\u00a0mamy siedzib\u0119, wybudowano na\u00a0pocz\u0105tku XX wieku. We\u00a0wrze\u015bniu 2020 roku, tu\u017c po\u00a0jego zakupie, rozpocz\u0119li\u015bmy remont budynku. Zachowali\u015bmy jego form\u0119 architektoniczn\u0105, staraj\u0105c si\u0119 podkre\u015bli\u0107 akcenty typowe dla starego budownictwa. Nietynkowane \u015bciany ceglane, witra\u017c na\u00a0klatce schodowej, ods\u0142oni\u0119te sklepienia \u0142ukowe w\u00a0piwnicy to\u00a0elementy oddaj\u0105ce klimat budynku. Jednocze\u015bnie wprowadzili\u015bmy do\u00a0budynku elementy nowe i\u00a0nowoczesne, ca\u0142y czas uwa\u017caj\u0105c, aby utrzyma\u0107 stonowany i\u00a0skromny, a\u00a0tym samym ponadczasowy dobry wygl\u0105d obiektu.<\/p>\n<p>[\/et_pb_text][\/et_pb_column][et_pb_column type=&#8221;1_5&#8243; _builder_version=&#8221;4.21.0&#8243; _module_preset=&#8221;default&#8221; custom_padding=&#8221;|||25px|false|false&#8221; custom_css_main_element=&#8221;width: 45%!important;||&#8221; border_color_left=&#8221;#474747&#8243; global_colors_info=&#8221;{}&#8221;][et_pb_text _builder_version=&#8221;4.21.0&#8243; _module_preset=&#8221;default&#8221; header_font=&#8221;Arial|600|||||||&#8221; header_text_align=&#8221;center&#8221; header_text_color=&#8221;#474747&#8243; header_font_size=&#8221;40px&#8221; header_letter_spacing=&#8221;-1px&#8221; vertical_offset=&#8221;-66px&#8221; horizontal_offset=&#8221;-25px&#8221; z_index=&#8221;78&#8243; horizontal_offset_tablet=&#8221;0px&#8221; horizontal_offset_phone=&#8221;0px&#8221; horizontal_offset_last_edited=&#8221;on|tablet&#8221; position_origin_a_tablet=&#8221;&#8221; position_origin_a_phone=&#8221;&#8221; position_origin_a_last_edited=&#8221;on|phone&#8221; position_origin_f_tablet=&#8221;&#8221; position_origin_f_phone=&#8221;&#8221; position_origin_f_last_edited=&#8221;on|phone&#8221; position_origin_r_tablet=&#8221;&#8221; position_origin_r_phone=&#8221;&#8221; position_origin_r_last_edited=&#8221;on|phone&#8221; custom_margin=&#8221;||0px||false|false&#8221; custom_padding=&#8221;0px||0px||false|false&#8221; header_font_size_tablet=&#8221;65px&#8221; header_font_size_phone=&#8221;46px&#8221; header_font_size_last_edited=&#8221;on|tablet&#8221; positioning_tablet=&#8221;&#8221; positioning_phone=&#8221;none&#8221; positioning_last_edited=&#8221;on|phone&#8221; custom_css_main_element=&#8221;||    -webkit-text-stroke-width:0.5px;||    stroke-width: 1px;||    -webkit-text-stroke-color: #000;||    stroke: #fff;&#8221; global_colors_info=&#8221;{}&#8221;]<\/p>\n<h1 style=\"text-align: left;\"><em>Office and us<\/em><\/h1>\n<p>[\/et_pb_text][et_pb_text _builder_version=&#8221;4.21.0&#8243; _module_preset=&#8221;default&#8221; text_font=&#8221;Arial||||||||&#8221; text_text_color=&#8221;#000000&#8243; text_font_size=&#8221;16px&#8221; text_line_height=&#8221;1.8em&#8221; custom_margin=&#8221;0px||0px||false|false&#8221; custom_margin_tablet=&#8221;10px||0px||false|false&#8221; custom_margin_phone=&#8221;10px||0px||false|false&#8221; custom_margin_last_edited=&#8221;on|tablet&#8221; custom_padding_tablet=&#8221;0px||0px|0px|false|false&#8221; custom_padding_phone=&#8221;0px||0px|0px|false|false&#8221; custom_padding_last_edited=&#8221;on|tablet&#8221; global_colors_info=&#8221;{}&#8221;]<\/p>\n<p style=\"text-align: justify;\"><em>Since August 2022 the headquarters of our office is at\u00a0Kr\u00f3lowej Jadwigi 10 Street, in\u00a0the center of Katowice, near the Voivodeship Office, Cathedral, Katowice Polish Radio. The building of our headquarters, was built in\u00a0the early XX century. In\u00a0September 2020, shortly after we\u00a0purchased it, we\u00a0started building renovation. We\u00a0preserved its architectural form, trying to\u00a0emphasize accents typical of old buildings. The unplastered brick walls, the stained glass window in\u00a0the staircase, the exposed arched vaults in\u00a0the basement are elements that reflect the atmosphere of the building. On\u00a0the other hand, however, we\u00a0introduced new and modern elements into the building, all the time being careful to\u00a0keep the building&#8217;s subdued and modest, and thus timeless good appearance.<\/p>\n<p><\/em><\/p>\n<p>[\/et_pb_text][\/et_pb_column][\/et_pb_row][et_pb_row column_structure=&#8221;1_5,3_5,1_5&#8243; use_custom_gutter=&#8221;on&#8221; gutter_width=&#8221;1&#8243; _builder_version=&#8221;4.21.0&#8243; _module_preset=&#8221;default&#8221; width=&#8221;90%&#8221; max_width=&#8221;1290px&#8221; custom_margin=&#8221;0px|auto|4px|auto|false|false&#8221; custom_padding=&#8221;25px||25px||false|false&#8221; border_width_top=&#8221;1px&#8221; border_color_top=&#8221;#474747&#8243; global_colors_info=&#8221;{}&#8221;][et_pb_column type=&#8221;1_5&#8243; _builder_version=&#8221;4.21.0&#8243; _module_preset=&#8221;default&#8221; custom_padding=&#8221;|25px|||false|false&#8221; custom_css_main_element=&#8221;width: 10%!important;||&#8221; border_color_left=&#8221;#474747&#8243; global_colors_info=&#8221;{}&#8221;][et_pb_image src=&#8221;https:\/\/budoprojekt.pl\/wp-content\/uploads\/2024\/01\/akwarela1.jpg&#8221; title_text=&#8221;akwarela2&#8243; url=&#8221;#biuro-i-my-2&#8243; align=&#8221;center&#8221; force_fullwidth=&#8221;on&#8221; _builder_version=&#8221;4.21.0&#8243; _module_preset=&#8221;default&#8221; custom_margin=&#8221;20px||||false|false&#8221; box_shadow_style=&#8221;preset2&#8243; box_shadow_color=&#8221;rgba(0,0,0,0.56)&#8221; global_colors_info=&#8221;{}&#8221;][\/et_pb_image][et_pb_text _builder_version=&#8221;4.21.0&#8243; _module_preset=&#8221;default&#8221; text_font=&#8221;Arial||||||||&#8221; text_text_color=&#8221;#000000&#8243; text_font_size=&#8221;12px&#8221; text_line_height=&#8221;1.2em&#8221; custom_padding=&#8221;10px||||false|false&#8221; link_option_url=&#8221;#biuro-i-my-2&#8243; global_colors_info=&#8221;{}&#8221;]<\/p>\n<p style=\"text-align: center;\">powi\u0119ksz \/<br \/><em>zoom\u00a0<\/em><\/p>\n<p>[\/et_pb_text][et_pb_image src=&#8221;https:\/\/budoprojekt.pl\/wp-content\/uploads\/2025\/04\/bebok_projektant_1.jpg&#8221; title_text=&#8221;bebok_projektant_1&#8243; url=&#8221;#bebok&#8221; align=&#8221;center&#8221; force_fullwidth=&#8221;on&#8221; _builder_version=&#8221;4.21.0&#8243; _module_preset=&#8221;default&#8221; custom_margin=&#8221;20px||||false|false&#8221; box_shadow_style=&#8221;preset2&#8243; box_shadow_color=&#8221;rgba(0,0,0,0.56)&#8221; global_colors_info=&#8221;{}&#8221;][\/et_pb_image][et_pb_text _builder_version=&#8221;4.21.0&#8243; _module_preset=&#8221;default&#8221; text_font=&#8221;Arial||||||||&#8221; text_text_color=&#8221;#000000&#8243; text_font_size=&#8221;12px&#8221; text_line_height=&#8221;1.2em&#8221; custom_padding=&#8221;10px||||false|false&#8221; link_option_url=&#8221;#bebok&#8221; global_colors_info=&#8221;{}&#8221;]<\/p>\n<p style=\"text-align: center;\">powi\u0119ksz \/<br \/><em>zoom\u00a0<\/em><\/p>\n<p>[\/et_pb_text][\/et_pb_column][et_pb_column type=&#8221;3_5&#8243; _builder_version=&#8221;4.21.0&#8243; _module_preset=&#8221;default&#8221; custom_padding=&#8221;|25px||25px|false|false&#8221; custom_css_main_element=&#8221;width: 45%!important;||&#8221; border_color_right=&#8221;#474747&#8243; global_colors_info=&#8221;{}&#8221;][et_pb_text _builder_version=&#8221;4.21.0&#8243; _module_preset=&#8221;default&#8221; text_font=&#8221;Arial||||||||&#8221; text_text_color=&#8221;#000000&#8243; text_font_size=&#8221;16px&#8221; text_line_height=&#8221;1.8em&#8221; custom_margin=&#8221;0px||0px||false|false&#8221; custom_margin_tablet=&#8221;10px||0px||false|false&#8221; custom_margin_phone=&#8221;10px||0px||false|false&#8221; custom_margin_last_edited=&#8221;on|tablet&#8221; custom_padding_tablet=&#8221;0px||0px|0px|false|false&#8221; custom_padding_phone=&#8221;0px||0px|0px|false|false&#8221; custom_padding_last_edited=&#8221;on|tablet&#8221; global_colors_info=&#8221;{}&#8221;]<\/p>\n<p style=\"text-align: justify;\">Mamy przyjemno\u015b\u0107 pochwali\u0107 si\u0119 prac\u0105 Pana Grzegorza Chudego, kt\u00f3ry\u00a0przygotowa\u0142 dla nas akwarel\u0119 oddaj\u0105c\u0105 z\u00a0przymru\u017ceniem oka nasz budynek, ciasnot\u0119 miejsc parkingowych i\u00a0drzewo, kt\u00f3re zamiast li\u015bci daje nam projekty. Te\u00a0czarne ludziki w\u00a0oknach to\u00a0Beboki* \u2013 ka\u017cdy z\u00a0nich to\u00a0kto\u015b z\u00a0nas. W&nbsp;biurze mamy figurk\u0119 naszego Beboka-projektanta.<\/p>\n<p style=\"font-size: 11px; letter-spacing: 0px; line-height: 15px; text-align: justify;\">* Bebok \u2013 nazwa zaczerpni\u0119ta ze\u00a0\u015bl\u0105skich legend, ale\u00a0w\u00a0powy\u017cszym kontek\u015bcie chodzi o\u00a0ma\u0142e sympatyczne stworki, od\u00a0kilku lat stanowi\u0105ce element promocji \u015al\u0105ska. R\u00f3\u017cne Beboki w\u00a0postaci ma\u0142ych figurek z\u00a0br\u0105zu mo\u017cna znale\u017a\u0107 w\u00a0charakterystycznych miejscach \u015al\u0105ska \u2013 s\u0105\u00a0mi\u0119dzy innymi: Bebok-budowniczy, Bebok-hokeista, Bebok-smakosz, a&nbsp;tak\u017ce nasz Bebok-projektant. Beboki licznie wyst\u0119puj\u0105 w\u00a0pracach Pana Grzegorza Chudego.<\/p>\n<p>[\/et_pb_text][\/et_pb_column][et_pb_column type=&#8221;1_5&#8243; _builder_version=&#8221;4.21.0&#8243; _module_preset=&#8221;default&#8221; custom_padding=&#8221;|||25px|false|false&#8221; custom_css_main_element=&#8221;width: 45%!important;||&#8221; border_color_left=&#8221;#474747&#8243; global_colors_info=&#8221;{}&#8221;][et_pb_text _builder_version=&#8221;4.21.0&#8243; _module_preset=&#8221;default&#8221; text_font=&#8221;Arial||||||||&#8221; text_text_color=&#8221;#000000&#8243; text_font_size=&#8221;16px&#8221; text_line_height=&#8221;1.8em&#8221; custom_margin=&#8221;0px||0px||false|false&#8221; custom_margin_tablet=&#8221;10px||0px||false|false&#8221; custom_margin_phone=&#8221;10px||0px||false|false&#8221; custom_margin_last_edited=&#8221;on|tablet&#8221; custom_padding_tablet=&#8221;0px||0px|0px|false|false&#8221; custom_padding_phone=&#8221;0px||0px|0px|false|false&#8221; custom_padding_last_edited=&#8221;on|tablet&#8221; global_colors_info=&#8221;{}&#8221;]<\/p>\n<p style=\"text-align: justify;\"><em>We\u00a0have a\u00a0pleasure to\u00a0show off the work of Mr. Grzegorz Chudy, who has prepared for us the watercolor reflecting with a\u00a0pinch of salt our building, cramped parking spaces and the tree, which gives us designs instead of leaves. Those black tiny people in\u00a0the windows are Beboks* \u2013 each of them is one of us. In&nbsp;the office we&nbsp;have a&nbsp;figurine of our Bebok-designer.<\/em><\/p>\n<p style=\"font-size: 11px; letter-spacing: 0px; line-height: 15px; text-align: justify;\"><em>* Bebok \u2013 the name derived from Silesian legends, but in\u00a0the above context means small friendly creatures, which for several years have been the element of Silesia promotion. Various Beboks in\u00a0the form of small bronze figures can be\u00a0found in\u00a0places characteristic of Silesia \u2013 there are, among others: Bebok-builder, Bebok-hockey player, Bebok-gourmet, and also our Bebok-designer. Beboks are present in\u00a0large numbers in\u00a0works of Mr. Grzegorz Chudy.<\/em><\/p>\n<p>[\/et_pb_text][\/et_pb_column][\/et_pb_row][et_pb_row column_structure=&#8221;1_5,3_5,1_5&#8243; use_custom_gutter=&#8221;on&#8221; gutter_width=&#8221;1&#8243; _builder_version=&#8221;4.21.0&#8243; _module_preset=&#8221;default&#8221; width=&#8221;90%&#8221; max_width=&#8221;1290px&#8221; custom_margin=&#8221;0px|auto|4px|auto|false|false&#8221; custom_padding=&#8221;25px||0px||false|false&#8221; border_width_top=&#8221;1px&#8221; border_color_top=&#8221;#474747&#8243; global_colors_info=&#8221;{}&#8221;][et_pb_column type=&#8221;1_5&#8243; _builder_version=&#8221;4.21.0&#8243; _module_preset=&#8221;default&#8221; custom_padding=&#8221;|25px|||false|false&#8221; custom_css_main_element=&#8221;width: 10%!important;||&#8221; border_color_left=&#8221;#474747&#8243; global_colors_info=&#8221;{}&#8221;][et_pb_image src=&#8221;https:\/\/budoprojekt.pl\/wp-content\/uploads\/2024\/01\/nospr1.jpg&#8221; title_text=&#8221;nospr2&#8243; url=&#8221;#biuro-i-my-3&#8243; align=&#8221;center&#8221; force_fullwidth=&#8221;on&#8221; _builder_version=&#8221;4.21.0&#8243; _module_preset=&#8221;default&#8221; width_last_edited=&#8221;off|desktop&#8221; custom_margin=&#8221;20px||||false|false&#8221; box_shadow_style=&#8221;preset2&#8243; box_shadow_color=&#8221;rgba(0,0,0,0.56)&#8221; global_colors_info=&#8221;{}&#8221;][\/et_pb_image][et_pb_text _builder_version=&#8221;4.21.0&#8243; _module_preset=&#8221;default&#8221; text_font=&#8221;Arial||||||||&#8221; text_text_color=&#8221;#000000&#8243; text_font_size=&#8221;12px&#8221; text_line_height=&#8221;1.2em&#8221; custom_padding=&#8221;10px||||false|false&#8221; link_option_url=&#8221;#biuro-i-my-3&#8243; global_colors_info=&#8221;{}&#8221;]<\/p>\n<p style=\"text-align: center;\">powi\u0119ksz \/<br \/><em>zoom\u00a0<\/em><\/p>\n<p>[\/et_pb_text][et_pb_image src=&#8221;https:\/\/budoprojekt.pl\/wp-content\/uploads\/2023\/07\/nospr4.jpg&#8221; title_text=&#8221;Projekt bez\u00a0nazwy (4)&#8221; url=&#8221;#biuro-i-my-4&#8243; align=&#8221;center&#8221; force_fullwidth=&#8221;on&#8221; _builder_version=&#8221;4.21.0&#8243; _module_preset=&#8221;default&#8221; custom_margin=&#8221;20px||||false|false&#8221; box_shadow_style=&#8221;preset2&#8243; box_shadow_color=&#8221;rgba(0,0,0,0.56)&#8221; global_colors_info=&#8221;{}&#8221;][\/et_pb_image][et_pb_text _builder_version=&#8221;4.21.0&#8243; _module_preset=&#8221;default&#8221; text_font=&#8221;Arial||||||||&#8221; text_text_color=&#8221;#000000&#8243; text_font_size=&#8221;12px&#8221; text_line_height=&#8221;1.2em&#8221; custom_padding=&#8221;10px||||false|false&#8221; link_option_url=&#8221;#biuro-i-my-4&#8243; global_colors_info=&#8221;{}&#8221;]<\/p>\n<p style=\"text-align: center;\">odtw\u00f3rz \/<br \/><em>play<\/em><\/p>\n<p>[\/et_pb_text][\/et_pb_column][et_pb_column type=&#8221;3_5&#8243; _builder_version=&#8221;4.21.0&#8243; _module_preset=&#8221;default&#8221; custom_padding=&#8221;|25px||25px|false|false&#8221; custom_css_main_element=&#8221;width: 45%!important;||&#8221; border_color_right=&#8221;#474747&#8243; global_colors_info=&#8221;{}&#8221;][et_pb_text _builder_version=&#8221;4.21.0&#8243; _module_preset=&#8221;default&#8221; text_font=&#8221;Arial||||||||&#8221; text_text_color=&#8221;#000000&#8243; text_font_size=&#8221;16px&#8221; text_line_height=&#8221;1.8em&#8221; custom_margin=&#8221;0px||0px||false|false&#8221; custom_margin_tablet=&#8221;10px||0px||false|false&#8221; custom_margin_phone=&#8221;10px||0px||false|false&#8221; custom_margin_last_edited=&#8221;on|tablet&#8221; custom_padding_tablet=&#8221;0px||0px|0px|false|false&#8221; custom_padding_phone=&#8221;0px||0px|0px|false|false&#8221; custom_padding_last_edited=&#8221;on|tablet&#8221; global_colors_info=&#8221;{}&#8221;]<\/p>\n<p style=\"text-align: justify;\">Jako zesp\u00f3\u0142 mieli\u015bmy zaszczyt i\u00a0przyjemno\u015b\u0107 wsp\u00f3\u0142tworzy\u0107 koncert symfoniczny, kt\u00f3ry\u00a0odby\u0142 si\u0119 w\u00a0sali koncertowej Narodowej Orkiestry Symfonicznej Polskiego Radia w\u00a0Katowicach. W\u015br\u00f3d os\u00f3b widocznych w\u00a0tle, jako cz\u0142onkowie ch\u00f3ru jeste\u015bmy my. Do\u00a0koncertu przygotowa\u0142 nas Profesor Benedykt Odya z\u00a0Wydzia\u0142u Edukacji Muzycznej na\u00a0Uniwersytecie im.\u00a0Kazimierza Wielkiego w\u00a0Bydgoszczy. Orkiestr\u0105 dyrygowa\u0142 Krzesimir D\u0119bski, a\u00a0na\u00a0scenie wyst\u0105pili mi\u0119dzy innymi: Anna Jurksztowicz, Czes\u0142aw Mozil, Paulina Przybysz, Daria Zawia\u0142ow, oraz\u00a0Studio Accantus. Koncert zorganizowa\u0142a Fundacja ISKIERKA.<\/p>\n<p style=\"text-align: justify;\">\n<p style=\"text-align: justify;\">[\/et_pb_text][\/et_pb_column][et_pb_column type=&#8221;1_5&#8243; _builder_version=&#8221;4.21.0&#8243; _module_preset=&#8221;default&#8221; custom_padding=&#8221;|||25px|false|false&#8221; custom_css_main_element=&#8221;width: 45%!important;||&#8221; border_color_left=&#8221;#474747&#8243; global_colors_info=&#8221;{}&#8221;][et_pb_text _builder_version=&#8221;4.21.0&#8243; _module_preset=&#8221;default&#8221; text_font=&#8221;Arial||||||||&#8221; text_text_color=&#8221;#000000&#8243; text_font_size=&#8221;16px&#8221; text_line_height=&#8221;1.8em&#8221; custom_margin=&#8221;0px||0px||false|false&#8221; custom_margin_tablet=&#8221;10px||0px||false|false&#8221; custom_margin_phone=&#8221;10px||0px||false|false&#8221; custom_margin_last_edited=&#8221;on|tablet&#8221; custom_padding_tablet=&#8221;0px||0px|0px|false|false&#8221; custom_padding_phone=&#8221;0px||0px|0px|false|false&#8221; custom_padding_last_edited=&#8221;on|tablet&#8221; global_colors_info=&#8221;{}&#8221;]<\/p>\n<p style=\"text-align: justify;\"><em>As\u00a0a\u00a0team we\u00a0were honored and pleased to\u00a0co-create the symphonic concert, which took place in\u00a0the concert hall of the Polish National Radio Symphony Orchestra in\u00a0Katowice. Among the persons visible in\u00a0the background, as\u00a0the choir\u2019s members are us. The person who prepared us for the concert was Professor Benedykt Odya of the Music Education Faculty at\u00a0the Kazimierz Wielki University in\u00a0Bydgoszcz. The orchestra was conducted by\u00a0Krzesimir D\u0119bski and on\u00a0stage performed, among others: Anna Jurksztowicz, Czes\u0142aw Mozil, Paulina Przybysz, Daria Zawia\u0142ow, and Studio Accantus. The concert was organised by\u00a0the ISKIERKA Foundation.<\/em><\/p>\n<p style=\"text-align: justify;\"><em><\/em><\/p>\n<p style=\"text-align: justify;\"><em><\/em><\/p>\n<p>[\/et_pb_text][\/et_pb_column][\/et_pb_row][\/et_pb_section][et_pb_section fb_built=&#8221;1&#8243; custom_padding_last_edited=&#8221;off|desktop&#8221; admin_label=&#8221;Section&#8221; module_id=&#8221;zespol&#8221; module_class=&#8221;zespol&#8221; _builder_version=&#8221;4.21.0&#8243; _module_preset=&#8221;default&#8221; background_color=&#8221;rgba(255,255,255,0.92)&#8221; background_image=&#8221;https:\/\/budoprojekt.pl\/wp-content\/uploads\/2023\/11\/02.Zespol_TLO-1.png&#8221; background_position=&#8221;top_center&#8221; background_blend=&#8221;overlay&#8221; custom_margin=&#8221;0px||0px||false|false&#8221; custom_padding=&#8221;50px||50px||true|false&#8221; custom_padding_tablet=&#8221;0px||120px||false|false&#8221; custom_padding_phone=&#8221;0px||90px||false|false&#8221; da_popup_slug=&#8221;zespol&#8221; da_disable_devices=&#8221;off|off|off&#8221; global_colors_info=&#8221;{}&#8221; da_is_popup=&#8221;off&#8221; da_exit_intent=&#8221;off&#8221; da_has_close=&#8221;on&#8221; da_alt_close=&#8221;off&#8221; da_dark_close=&#8221;off&#8221; da_not_modal=&#8221;on&#8221; da_is_singular=&#8221;off&#8221; da_with_loader=&#8221;off&#8221; da_has_shadow=&#8221;on&#8221;][et_pb_row _builder_version=&#8221;4.21.0&#8243; _module_preset=&#8221;default&#8221; width=&#8221;90%&#8221; max_width=&#8221;1290px&#8221; custom_margin=&#8221;0px||0px||false|false&#8221; custom_padding=&#8221;0px||0px||false|false&#8221; global_colors_info=&#8221;{}&#8221;][et_pb_column type=&#8221;4_4&#8243; _builder_version=&#8221;4.19.5&#8243; _module_preset=&#8221;default&#8221; global_colors_info=&#8221;{}&#8221;][et_pb_text _builder_version=&#8221;4.21.0&#8243; _module_preset=&#8221;default&#8221; header_font=&#8221;Arial|600|||||||&#8221; header_text_align=&#8221;center&#8221; header_text_color=&#8221;#474747&#8243; header_font_size=&#8221;40px&#8221; header_letter_spacing=&#8221;-1px&#8221; vertical_offset=&#8221;-66px&#8221; horizontal_offset=&#8221;-25px&#8221; z_index=&#8221;78&#8243; horizontal_offset_tablet=&#8221;0px&#8221; horizontal_offset_phone=&#8221;0px&#8221; horizontal_offset_last_edited=&#8221;on|tablet&#8221; position_origin_a_tablet=&#8221;&#8221; position_origin_a_phone=&#8221;&#8221; position_origin_a_last_edited=&#8221;on|phone&#8221; position_origin_f_tablet=&#8221;&#8221; position_origin_f_phone=&#8221;&#8221; position_origin_f_last_edited=&#8221;on|phone&#8221; position_origin_r_tablet=&#8221;&#8221; position_origin_r_phone=&#8221;&#8221; position_origin_r_last_edited=&#8221;on|phone&#8221; custom_margin=&#8221;||20px||false|false&#8221; custom_padding=&#8221;0px||0px||false|false&#8221; header_font_size_tablet=&#8221;65px&#8221; header_font_size_phone=&#8221;46px&#8221; header_font_size_last_edited=&#8221;on|tablet&#8221; positioning_tablet=&#8221;&#8221; positioning_phone=&#8221;none&#8221; positioning_last_edited=&#8221;on|phone&#8221; custom_css_main_element=&#8221;||    -webkit-text-stroke-width:0.5px;||    stroke-width: 1px;||    -webkit-text-stroke-color: #000;||    stroke: #fff;&#8221; global_colors_info=&#8221;{}&#8221;]<\/p>\n<h1 style=\"text-align: center;\">Zesp\u00f3\u0142 \/ <em>Team<\/em><\/h1>\n<p>[\/et_pb_text][et_pb_text _builder_version=&#8221;4.21.0&#8243; _module_preset=&#8221;default&#8221; text_font=&#8221;Arial||||||||&#8221; text_text_color=&#8221;#000000&#8243; text_font_size=&#8221;16px&#8221; text_line_height=&#8221;1.2em&#8221; custom_margin=&#8221;0px||7px||false|false&#8221; custom_margin_tablet=&#8221;10px||0px||false|false&#8221; custom_margin_phone=&#8221;10px||0px||false|false&#8221; custom_margin_last_edited=&#8221;off|desktop&#8221; global_colors_info=&#8221;{}&#8221;]<\/p>\n<h4 style=\"margin-bottom: -7px;\"><strong>Marcin \u0141ukacz<\/strong><\/h4>\n<p>Prezes Zarz\u0105du \/ <em>President of the Management Board<\/em><\/p>\n<p style=\"font-size: 12px; letter-spacing: 0px; line-height: 0px; margin-top: -7px; text-align: justify;\"><span style=\"color: #000000;\"><a href=\"#zespol1\" style=\"color: #000000;\">czytaj wi\u0119cej \/<em> read more<\/em> \u279c<\/a><\/span><\/p>\n<p>[\/et_pb_text][et_pb_text _builder_version=&#8221;4.21.0&#8243; _module_preset=&#8221;default&#8221; text_font=&#8221;Arial||||||||&#8221; text_text_color=&#8221;#000000&#8243; text_font_size=&#8221;16px&#8221; text_line_height=&#8221;1.2em&#8221; custom_margin=&#8221;20px||7px||false|false&#8221; custom_margin_tablet=&#8221;10px||0px||false|false&#8221; custom_margin_phone=&#8221;10px||0px||false|false&#8221; custom_margin_last_edited=&#8221;off|desktop&#8221; global_colors_info=&#8221;{}&#8221;]<\/p>\n<h4 style=\"margin-bottom: -7px;\"><strong>Izabela Gach<\/strong><\/h4>\n<p>Zast\u0119pca Prezesa Zarz\u0105du \/<em> Vice President of the Management Board<\/em><\/p>\n<p style=\"font-size: 12px; letter-spacing: 0px; line-height: 0px; margin-top: -7px; text-align: justify;\"><span style=\"color: #000000;\"><a href=\"#zespol2\" style=\"color: #000000;\">czytaj wi\u0119cej \/<em> read more<\/em> \u279c<\/a><\/span><\/p>\n<p>[\/et_pb_text][et_pb_text _builder_version=&#8221;4.21.0&#8243; _module_preset=&#8221;default&#8221; text_font=&#8221;Arial||||||||&#8221; text_text_color=&#8221;#000000&#8243; text_font_size=&#8221;16px&#8221; text_line_height=&#8221;1.2em&#8221; custom_margin=&#8221;20px||7px||false|false&#8221; custom_margin_tablet=&#8221;10px||0px||false|false&#8221; custom_margin_phone=&#8221;10px||0px||false|false&#8221; custom_margin_last_edited=&#8221;off|desktop&#8221; global_colors_info=&#8221;{}&#8221;]<\/p>\n<h4 style=\"margin-bottom: -7px;\"><strong>Jerzy Doma\u0144ski<\/strong><\/h4>\n<p>G\u0142\u00f3wny Projektant, Architekt \/ <em>Lead Designer, Architect<\/em>[\/et_pb_text][et_pb_divider color=&#8221;#474747&#8243; _builder_version=&#8221;4.21.0&#8243; _module_preset=&#8221;default&#8221; width=&#8221;100%&#8221; min_height=&#8221;1px&#8221; max_height=&#8221;1px&#8221; custom_margin=&#8221;20px||0px||false|false&#8221; custom_padding=&#8221;0px||0px||true|false&#8221; global_colors_info=&#8221;{}&#8221;][\/et_pb_divider][et_pb_text _builder_version=&#8221;4.21.0&#8243; _module_preset=&#8221;default&#8221; text_font=&#8221;Arial||||||||&#8221; text_text_color=&#8221;#000000&#8243; text_font_size=&#8221;16px&#8221; text_line_height=&#8221;1.2em&#8221; custom_margin=&#8221;20px||0px||false|false&#8221; global_colors_info=&#8221;{}&#8221;]<\/p>\n<h4><strong>Zesp\u00f3\u0142 architektoniczny <em>\/ Architecture team<\/em><\/strong><\/h4>\n<ul>\n<li>arch. Jerzy Doma\u0144ski \u2013 uprawniony projektant <em>\/ certified designer<\/em><\/li>\n<li>arch. Magdalena Polak \u2013 uprawniony projektant <em>\/ certified designer<\/em><\/li>\n<li>arch. Pawe\u0142 Dobryniewski \u2013 uprawniony projektant <em>\/ certified designer<\/em><\/li>\n<\/ul>\n<p>[\/et_pb_text][et_pb_divider color=&#8221;#474747&#8243; _builder_version=&#8221;4.21.0&#8243; _module_preset=&#8221;default&#8221; width=&#8221;100%&#8221; min_height=&#8221;1px&#8221; max_height=&#8221;1px&#8221; custom_margin=&#8221;0px||0px||false|false&#8221; custom_padding=&#8221;0px||0px||true|false&#8221; global_colors_info=&#8221;{}&#8221;][\/et_pb_divider][\/et_pb_column][\/et_pb_row][et_pb_row column_structure=&#8221;1_2,1_2&#8243; use_custom_gutter=&#8221;on&#8221; gutter_width=&#8221;2&#8243; make_equal=&#8221;on&#8221; _builder_version=&#8221;4.21.0&#8243; _module_preset=&#8221;default&#8221; width=&#8221;90%&#8221; max_width=&#8221;1290px&#8221; custom_margin=&#8221;15px||||false|false&#8221; custom_padding=&#8221;0px|0px|0px|0px|false|true&#8221; border_color_top=&#8221;#474747&#8243; border_color_bottom=&#8221;#474747&#8243; global_colors_info=&#8221;{}&#8221;][et_pb_column type=&#8221;1_2&#8243; _builder_version=&#8221;4.21.0&#8243; _module_preset=&#8221;default&#8221; global_colors_info=&#8221;{}&#8221;][et_pb_text _builder_version=&#8221;4.21.0&#8243; _module_preset=&#8221;default&#8221; text_font=&#8221;Arial||||||||&#8221; text_text_color=&#8221;#000000&#8243; text_font_size=&#8221;16px&#8221; text_line_height=&#8221;1.2em&#8221; custom_margin=&#8221;0px||-17px||false|false&#8221; global_colors_info=&#8221;{}&#8221;]<\/p>\n<h4><strong>Zesp\u00f3\u0142 konstrukcyjny <em>\/ Structural<\/em> <em>team<\/em><\/strong><\/h4>\n<ul>\n<li>\u0141ukasz Piwowarczyk \u2013 uprawniony projektant <em>\/ certified designer<\/em><\/li>\n<li>Ma\u0142gorzata Ma\u0144ka \u2013 uprawniony projektant <em>\/ certified designer<\/em><\/li>\n<li>Pawe\u0142 Grelewski \u2013 uprawniony projektant <em>\/ certified designer<\/em><\/li>\n<li>Mariola Adamczyk-Wojciech \u2013 uprawniony projektant konstrukcji i\u00a0dr\u00f3g, dodatkowo posiada uprawnienia wykonawcze konstrukcyjno-budowlane oraz\u00a0drogowe \/ <em>certified designer of the structural and road, additionally holds executive structural and civil engineering and road construction licenses<\/em><\/li>\n<li>Marcin M\u0142ynarczyk \u2013 uprawniony projektant, dodatkowo posiada uprawnienia wykonawcze <em>\/ certified designer, additionally holds executive licences<\/em><\/li>\n<\/ul>\n<p>[\/et_pb_text][\/et_pb_column][et_pb_column type=&#8221;1_2&#8243; _builder_version=&#8221;4.21.0&#8243; _module_preset=&#8221;default&#8221; custom_css_main_element=&#8221;float:right;&#8221; global_colors_info=&#8221;{}&#8221;][et_pb_image src=&#8221;https:\/\/budoprojekt.pl\/wp-content\/uploads\/2024\/01\/konstruktorzy1.jpg&#8221; title_text=&#8221;nospr2&#8243; url=&#8221;#team3&#8243; align=&#8221;center&#8221; _builder_version=&#8221;4.21.0&#8243; _module_preset=&#8221;default&#8221; width_last_edited=&#8221;off|desktop&#8221; min_height=&#8221;100px&#8221; height=&#8221;100px&#8221; max_height=&#8221;100px&#8221; custom_margin=&#8221;20px||||false|false&#8221; custom_css_main_element=&#8221;display: inline-block!important;||float:right;&#8221; box_shadow_style=&#8221;preset2&#8243; box_shadow_color=&#8221;rgba(0,0,0,0.56)&#8221; global_colors_info=&#8221;{}&#8221;][\/et_pb_image][et_pb_image src=&#8221;https:\/\/budoprojekt.pl\/wp-content\/uploads\/2024\/01\/konstruktorzy3.jpg&#8221; title_text=&#8221;nospr2&#8243; url=&#8221;#team2&#8243; align=&#8221;center&#8221; _builder_version=&#8221;4.21.0&#8243; _module_preset=&#8221;default&#8221; width_last_edited=&#8221;off|desktop&#8221; min_height=&#8221;100px&#8221; height=&#8221;100px&#8221; max_height=&#8221;100px&#8221; custom_margin=&#8221;20px|20px|||false|false&#8221; custom_css_main_element=&#8221;display: inline-block!important;||float:right;&#8221; box_shadow_style=&#8221;preset2&#8243; box_shadow_color=&#8221;rgba(0,0,0,0.56)&#8221; global_colors_info=&#8221;{}&#8221;][\/et_pb_image][et_pb_image src=&#8221;https:\/\/budoprojekt.pl\/wp-content\/uploads\/2024\/01\/konstruktorzy5.jpg&#8221; title_text=&#8221;nospr2&#8243; url=&#8221;#team1&#8243; align=&#8221;center&#8221; _builder_version=&#8221;4.21.0&#8243; _module_preset=&#8221;default&#8221; width_last_edited=&#8221;off|desktop&#8221; min_height=&#8221;100px&#8221; height=&#8221;100px&#8221; max_height=&#8221;100px&#8221; custom_margin=&#8221;20px|20px|||false|false&#8221; custom_css_main_element=&#8221;display: inline-block!important;||float:right;&#8221; box_shadow_style=&#8221;preset2&#8243; box_shadow_color=&#8221;rgba(0,0,0,0.56)&#8221; global_colors_info=&#8221;{}&#8221;][\/et_pb_image][\/et_pb_column][\/et_pb_row][et_pb_row use_custom_gutter=&#8221;on&#8221; gutter_width=&#8221;2&#8243; make_equal=&#8221;on&#8221; _builder_version=&#8221;4.21.0&#8243; _module_preset=&#8221;default&#8221; width=&#8221;90%&#8221; max_width=&#8221;1290px&#8221; custom_margin=&#8221;15px||||false|false&#8221; custom_padding=&#8221;0px|0px|10px|0px|false|true&#8221; border_color_top=&#8221;#474747&#8243; border_width_bottom=&#8221;1px&#8221; border_color_bottom=&#8221;#474747&#8243; global_colors_info=&#8221;{}&#8221;][et_pb_column type=&#8221;4_4&#8243; _builder_version=&#8221;4.21.0&#8243; _module_preset=&#8221;default&#8221; global_colors_info=&#8221;{}&#8221;][et_pb_text _builder_version=&#8221;4.21.0&#8243; _module_preset=&#8221;default&#8221; text_font=&#8221;Arial||||||||&#8221; text_text_color=&#8221;#000000&#8243; text_font_size=&#8221;16px&#8221; text_line_height=&#8221;1.6em&#8221; custom_margin=&#8221;0px||7px||false|false&#8221; global_colors_info=&#8221;{}&#8221;]<\/p>\n<p style=\"margin-top: -13px; text-align: justify;\"><span style=\"color: #000000;\">W\u00a0ramach prac zespo\u0142u konstrukcyjnego przygotowywane s\u0105\u00a0r\u00f3wnie\u017c projekty w\u00a0bran\u017cy drogowej \/\u00a0<\/span><em>As\u00a0part of the structural team&#8217;s work, designs in\u00a0the road discipline are also prepared.<\/em><\/p>\n<p>[\/et_pb_text][\/et_pb_column][\/et_pb_row][et_pb_row _builder_version=&#8221;4.21.0&#8243; _module_preset=&#8221;default&#8221; width=&#8221;90%&#8221; max_width=&#8221;1290px&#8221; custom_margin=&#8221;0px||0px||false|false&#8221; custom_padding=&#8221;0px||0px||false|false&#8221; global_colors_info=&#8221;{}&#8221;][et_pb_column type=&#8221;4_4&#8243; _builder_version=&#8221;4.19.5&#8243; _module_preset=&#8221;default&#8221; global_colors_info=&#8221;{}&#8221;][et_pb_text _builder_version=&#8221;4.21.0&#8243; _module_preset=&#8221;default&#8221; text_font=&#8221;Arial||||||||&#8221; text_text_color=&#8221;#000000&#8243; text_font_size=&#8221;16px&#8221; text_line_height=&#8221;1.2em&#8221; custom_margin=&#8221;20px||0px||false|false&#8221; global_colors_info=&#8221;{}&#8221;]<\/p>\n<h4 style=\"text-align: left;\"><strong>Zesp\u00f3\u0142 elektryczny <\/strong><em><strong>\/ Electrical team<\/strong> <\/em><\/h4>\n<ul>\n<li>Szymon Paruch \u2013 uprawniony projektant bran\u017cy elektrycznej i\u00a0telekomunikacyjnej, dodatkowo posiada uprawnienia wykonawcze elektryczne oraz\u00a0certyfikaty do\u00a0projektowania system\u00f3w sygnalizacji po\u017carowej i\u00a0d\u017awi\u0119kowych system\u00f3w ostrzegawczych <em>\/ certified designer of the electrical and telecommunication discipline, additionally holds executive electrical licences also certificates for the design of fire alarm systems and sound warning systems<\/em><\/li>\n<li>Piotr Setnik \u2013 asystent projektanta \/ <em>designer\u2019s assistant<\/em><\/li>\n<\/ul>\n<p>[\/et_pb_text][et_pb_divider color=&#8221;#474747&#8243; _builder_version=&#8221;4.21.0&#8243; _module_preset=&#8221;default&#8221; width=&#8221;100%&#8221; min_height=&#8221;1px&#8221; max_height=&#8221;1px&#8221; custom_margin=&#8221;0px||0px||false|false&#8221; custom_padding=&#8221;0px||0px||true|false&#8221; global_colors_info=&#8221;{}&#8221;][\/et_pb_divider][et_pb_text _builder_version=&#8221;4.21.0&#8243; _module_preset=&#8221;default&#8221; text_font=&#8221;Arial||||||||&#8221; text_text_color=&#8221;#000000&#8243; text_font_size=&#8221;16px&#8221; text_line_height=&#8221;1.2em&#8221; custom_margin=&#8221;20px||0px||false|false&#8221; global_colors_info=&#8221;{}&#8221;]<\/p>\n<h4><strong>Zesp\u00f3\u0142 sanitarny <em>\/ Sanitary team<\/em><\/strong><\/h4>\n<ul>\n<li>Jaros\u0142aw Filipowski \u2013 uprawniony projektant, dodatkowo posiada uprawnienia wykonawcze <em>\/ certified designer, additionally holds executive licences<\/em><\/li>\n<\/ul>\n<p>[\/et_pb_text][et_pb_divider color=&#8221;#474747&#8243; _builder_version=&#8221;4.21.0&#8243; _module_preset=&#8221;default&#8221; width=&#8221;100%&#8221; min_height=&#8221;1px&#8221; max_height=&#8221;1px&#8221; custom_margin=&#8221;0px||0px||false|false&#8221; custom_padding=&#8221;0px||0px||true|false&#8221; global_colors_info=&#8221;{}&#8221;][\/et_pb_divider][et_pb_text _builder_version=&#8221;4.21.0&#8243; _module_preset=&#8221;default&#8221; text_font=&#8221;Arial||||||||&#8221; text_text_color=&#8221;#000000&#8243; text_font_size=&#8221;16px&#8221; text_line_height=&#8221;1.2em&#8221; custom_margin=&#8221;20px||0px||false|false&#8221; global_colors_info=&#8221;{}&#8221;]<\/p>\n<h4><strong>Ksi\u0119gowo\u015b\u0107 i\u00a0Kadry <em>\/ Accounting and Human Resources<\/em><\/strong><\/h4>\n<ul>\n<li>Marlena Misiak-Sieg<\/li>\n<\/ul>\n<p>[\/et_pb_text][et_pb_text _builder_version=&#8221;4.21.0&#8243; _module_preset=&#8221;default&#8221; text_font=&#8221;Arial||||||||&#8221; text_text_color=&#8221;#000000&#8243; text_font_size=&#8221;16px&#8221; text_line_height=&#8221;1.2em&#8221; custom_margin=&#8221;0px||-7px||false|false&#8221; custom_padding=&#8221;||0px||false|false&#8221; global_colors_info=&#8221;{}&#8221;]<\/p>\n<h4><strong>Sekretariat i\u00a0obs\u0142uga inwestycji \/ <em>Secretary&#8217;s office and investment service<\/em><\/strong><\/h4>\n<ul>\n<li>Anna Pisku\u0142a<\/li>\n<li>Magdalena Janeczek<\/li>\n<\/ul>\n<p>[\/et_pb_text][\/et_pb_column][\/et_pb_row][\/et_pb_section][et_pb_section fb_built=&#8221;1&#8243; custom_padding_last_edited=&#8221;off|desktop&#8221; admin_label=&#8221;Section&#8221; module_id=&#8221;kontakt&#8221; module_class=&#8221;kontakt&#8221; _builder_version=&#8221;4.21.0&#8243; _module_preset=&#8221;default&#8221; background_color=&#8221;rgba(255,255,255,0.92)&#8221; background_image=&#8221;https:\/\/budoprojekt.pl\/wp-content\/uploads\/2023\/11\/06.Kontakt_TLO-1.png&#8221; background_blend=&#8221;overlay&#8221; custom_margin=&#8221;0px||0px||false|false&#8221; custom_padding=&#8221;50px||50px||true|false&#8221; custom_padding_tablet=&#8221;0px||120px||false|false&#8221; custom_padding_phone=&#8221;0px||90px||false|false&#8221; da_popup_slug=&#8221;kontakt&#8221; da_disable_devices=&#8221;off|off|off&#8221; border_color_top=&#8221;#000000&#8243; box_shadow_style=&#8221;preset6&#8243; box_shadow_blur=&#8221;20px&#8221; box_shadow_color=&#8221;#474747&#8243; box_shadow_position=&#8221;outer&#8221; global_colors_info=&#8221;{}&#8221; da_is_popup=&#8221;off&#8221; da_exit_intent=&#8221;off&#8221; da_has_close=&#8221;on&#8221; da_alt_close=&#8221;off&#8221; da_dark_close=&#8221;off&#8221; da_not_modal=&#8221;on&#8221; da_is_singular=&#8221;off&#8221; da_with_loader=&#8221;off&#8221; da_has_shadow=&#8221;on&#8221;][et_pb_row _builder_version=&#8221;4.21.0&#8243; _module_preset=&#8221;default&#8221; width=&#8221;90%&#8221; max_width=&#8221;1290px&#8221; custom_margin=&#8221;0px||34px||false|false&#8221; custom_padding=&#8221;0px||0px||false|false&#8221; global_colors_info=&#8221;{}&#8221;][et_pb_column type=&#8221;4_4&#8243; _builder_version=&#8221;4.19.5&#8243; _module_preset=&#8221;default&#8221; global_colors_info=&#8221;{}&#8221;][et_pb_text _builder_version=&#8221;4.21.0&#8243; _module_preset=&#8221;default&#8221; header_font=&#8221;Arial|600|||||||&#8221; header_text_align=&#8221;center&#8221; header_text_color=&#8221;#474747&#8243; header_font_size=&#8221;40px&#8221; header_letter_spacing=&#8221;-1px&#8221; vertical_offset=&#8221;-66px&#8221; horizontal_offset=&#8221;-25px&#8221; z_index=&#8221;78&#8243; horizontal_offset_tablet=&#8221;0px&#8221; horizontal_offset_phone=&#8221;0px&#8221; horizontal_offset_last_edited=&#8221;on|tablet&#8221; position_origin_a_tablet=&#8221;&#8221; position_origin_a_phone=&#8221;&#8221; position_origin_a_last_edited=&#8221;on|phone&#8221; position_origin_f_tablet=&#8221;&#8221; position_origin_f_phone=&#8221;&#8221; position_origin_f_last_edited=&#8221;on|phone&#8221; position_origin_r_tablet=&#8221;&#8221; position_origin_r_phone=&#8221;&#8221; position_origin_r_last_edited=&#8221;on|phone&#8221; custom_margin=&#8221;||20px||false|false&#8221; custom_padding=&#8221;0px||0px||false|false&#8221; header_font_size_tablet=&#8221;65px&#8221; header_font_size_phone=&#8221;46px&#8221; header_font_size_last_edited=&#8221;on|tablet&#8221; positioning_tablet=&#8221;&#8221; positioning_phone=&#8221;none&#8221; positioning_last_edited=&#8221;on|phone&#8221; custom_css_main_element=&#8221;||    -webkit-text-stroke-width:0.5px;||    stroke-width: 1px;||    -webkit-text-stroke-color: #000;||    stroke: #fff;&#8221; global_colors_info=&#8221;{}&#8221;]<\/p>\n<h1 style=\"text-align: center;\">Kontakt \/ <em>Contact<\/em><\/h1>\n<p>[\/et_pb_text][et_pb_text _builder_version=&#8221;4.21.0&#8243; _module_preset=&#8221;default&#8221; text_font=&#8221;Arial||||||||&#8221; text_text_color=&#8221;#000000&#8243; text_font_size=&#8221;16px&#8221; text_line_height=&#8221;1.2em&#8221; custom_margin=&#8221;0px||0px||false|false&#8221; custom_margin_tablet=&#8221;10px||0px||false|false&#8221; custom_margin_phone=&#8221;10px||0px||false|false&#8221; custom_margin_last_edited=&#8221;off|desktop&#8221; global_colors_info=&#8221;{}&#8221;]<\/p>\n<p><strong>Adres siedziby oraz\u00a0adres korespondencyjny \/ <em>Headquarters address and<\/em> <em>correspondence address<br \/><\/em><\/strong>BUDOPROJEKT<br \/>ul.\u00a0Kr\u00f3lowej Jadwigi 10<br \/>40-036 Katowice<br \/>Poland<\/p>\n<p>[\/et_pb_text][et_pb_divider color=&#8221;#474747&#8243; _builder_version=&#8221;4.21.0&#8243; _module_preset=&#8221;default&#8221; custom_margin=&#8221;0px||0px||true|false&#8221; custom_padding=&#8221;20px||0px||false|false&#8221; global_colors_info=&#8221;{}&#8221;][\/et_pb_divider][et_pb_text _builder_version=&#8221;4.21.0&#8243; _module_preset=&#8221;default&#8221; text_font=&#8221;Arial||||||||&#8221; text_text_color=&#8221;#000000&#8243; text_font_size=&#8221;16px&#8221; text_line_height=&#8221;1.2em&#8221; custom_margin=&#8221;0px||0px||true|false&#8221; custom_margin_tablet=&#8221;10px||0px||false|false&#8221; custom_margin_phone=&#8221;10px||0px||false|false&#8221; custom_margin_last_edited=&#8221;off|desktop&#8221; global_colors_info=&#8221;{}&#8221;]<\/p>\n<p><strong>Dane rejestrowe <em>\/ Registration data<br \/><\/em><\/strong><span style=\"font-size: 16px;\">Przedsi\u0119biorstwo Sp\u00f3\u0142dzielcze \u201eBUDOPROJEKT\u201d w\u00a0Katowicach<br \/><\/span><span style=\"font-size: 16px;\">ul.\u00a0Kr\u00f3lowej Jadwigi 10<br \/><\/span>40-036 Katowice<\/p>\n<p><a name=\"Bookmark2\"><\/a> Wpisani do&nbsp;rejestru przedsi\u0119biorc\u00f3w prowadzonego przez&nbsp;S\u0105d Rejonowy w&nbsp;Katowicach, VIII Wydzia\u0142 Gospodarczy Krajowego Rejestru S\u0105dowego pod&nbsp;numerem KRS 0000189055 <em>\/ Entered in&nbsp;the register of entrepreneurs kept by&nbsp;the District Court in&nbsp;Katowice, VIII Commercial Department of the National Court Register under the KRS number 0000189055.<\/em><\/p>\n<p>NIP <em>\/ Tax Identification Number<\/em> 6340132979<br \/>REGON <em>\/ National Business Registry Number<\/em> 000924307<\/p>\n<p>Mamy status ma\u0142ego przedsi\u0119biorcy w\u00a0rozumieniu Prawa przedsi\u0119biorc\u00f3w \/ <em>We\u00a0have the status of a\u00a0small entrepreneur under the Entrepreneurs Law.<\/em><\/p>\n<p>[\/et_pb_text][et_pb_divider color=&#8221;#474747&#8243; _builder_version=&#8221;4.21.0&#8243; _module_preset=&#8221;default&#8221; custom_margin=&#8221;0px||0px||true|false&#8221; custom_padding=&#8221;20px||0px||false|false&#8221; global_colors_info=&#8221;{}&#8221;][\/et_pb_divider][et_pb_text _builder_version=&#8221;4.21.0&#8243; _module_preset=&#8221;default&#8221; text_font=&#8221;Arial||||||||&#8221; text_text_color=&#8221;#000000&#8243; text_font_size=&#8221;16px&#8221; text_line_height=&#8221;1.2em&#8221; custom_margin=&#8221;0px||0px||false|false&#8221; custom_margin_tablet=&#8221;10px||0px||false|false&#8221; custom_margin_phone=&#8221;10px||0px||false|false&#8221; custom_margin_last_edited=&#8221;off|desktop&#8221; global_colors_info=&#8221;{}&#8221;]<\/p>\n<p><strong>Numery telefon\u00f3w <\/strong><em><strong>\/ Phone numbers<\/strong><br \/><\/em>+48 32\u00a0255 54 01<br \/>+48 32\u00a0255 54 17<br \/>+48 32\u00a0255 54 33<\/p>\n<p><strong>Numery wewn\u0119trzne \/ <\/strong><em><strong>Extension numbers<\/strong><br \/><\/em>Zesp\u00f3\u0142 architektoniczny <em>\/ Architecture team<\/em> 16<br \/>Zesp\u00f3\u0142 konstrukcyjny <em>\/ Structural team<\/em> 14<br \/>Zesp\u00f3\u0142 elektryczny <em>\/ Electrical team<\/em> 17<br \/>Zesp\u00f3\u0142 sanitarny <em>\/ Sanitary team<\/em> 19<br \/>Obs\u0142uga inwestycji<em> \/ Investment service<\/em> 22<br \/>Ksi\u0119gowo\u015b\u0107 <em>\/ Accounting and Human Resources<\/em> 15<br \/>Sekretariat <em>\/ Secretary&#8217;s office<\/em> 11<\/p>\n<p>[\/et_pb_text][et_pb_divider color=&#8221;#474747&#8243; _builder_version=&#8221;4.21.0&#8243; _module_preset=&#8221;default&#8221; custom_margin=&#8221;0px||0px||true|false&#8221; custom_padding=&#8221;20px||0px||false|false&#8221; global_colors_info=&#8221;{}&#8221;][\/et_pb_divider][et_pb_text _builder_version=&#8221;4.21.0&#8243; _module_preset=&#8221;default&#8221; text_font=&#8221;Arial||||||||&#8221; text_text_color=&#8221;#000000&#8243; text_font_size=&#8221;16px&#8221; text_line_height=&#8221;1.2em&#8221; custom_margin=&#8221;0px||0px||false|false&#8221; custom_margin_tablet=&#8221;10px||0px||false|false&#8221; custom_margin_phone=&#8221;10px||0px||false|false&#8221; custom_margin_last_edited=&#8221;on|tablet&#8221; global_colors_info=&#8221;{}&#8221;]<\/p>\n<p><strong>Mail<\/strong><br \/><span style=\"color: #000000;\"><a href=\"mailto:biuro@budoprojekt.pl\" style=\"color: #000000;\">biuro@budoprojekt.pl<\/a><\/span><\/p>\n<p>[\/et_pb_text][\/et_pb_column][\/et_pb_row][\/et_pb_section]<\/p>\n","protected":false},"excerpt":{"rendered":"<p>O\u00a0nasBUDOPROJEKT to\u00a0wielobran\u017cowe biuro projektowe za\u0142o\u017cone w\u00a01981 roku. Od\u00a0pocz\u0105tku siedziba jest w\u00a0Katowicach. Mamy do\u015bwiadczenie w\u00a0projektowaniu obiekt\u00f3w u\u017cyteczno\u015bci publicznej (biurowc\u00f3w, terminali lotniskowych, i\u00a0innych) oraz\u00a0obiekt\u00f3w przemys\u0142owych (produkcyjnych i\u00a0magazynowych). Wi\u0119kszo\u015b\u0107 naszych projekt\u00f3w sami nadzorowali\u015bmy. Wyr\u00f3\u017cnia nas wielobran\u017cowo\u015b\u0107 bez\u00a0udzia\u0142u podwykonawc\u00f3w to\u00a0znaczy wszystkie opracowania wykonujemy we\u00a0w\u0142asnym zakresie. Aktualnie zatrudniamy osiemna\u015bcie os\u00f3b. Zarz\u0105d to dwie osoby. Dwana\u015bcie os\u00f3b to projektanci, w\u015br\u00f3d nich [&hellip;]<\/p>\n","protected":false},"author":1,"featured_media":0,"parent":0,"menu_order":0,"comment_status":"closed","ping_status":"closed","template":"","meta":{"_et_pb_use_builder":"on","_et_pb_old_content":"<!-- wp:paragraph -->\r\n<p>Przyk\u0142adowa strona. Strony s\u0105 inne ni\u017c wpisy na blogu, poniewa\u017c nie tylko znajduj\u0105 si\u0119 zawsze w jednym miejscu, ale tak\u017ce pojawiaj\u0105 si\u0119 w menu witryny (w wi\u0119kszo\u015bci motyw\u00f3w). Wi\u0119kszo\u015b\u0107 u\u017cytkownik\u00f3w zaczyna od strony z informacjami o sobie, kt\u00f3ra zapozna ich przed odwiedzaj\u0105cymi witryn\u0119. Taka strona mo\u017ce zawiera\u0107 na przyk\u0142ad tak\u0105 tre\u015b\u0107:<\/p>\r\n<!-- \/wp:paragraph --><!-- wp:quote -->\r\n<blockquote class=\"wp-block-quote\">\r\n<p>Cze\u015b\u0107! Za dnia jestem kurierem rowerowym, noc\u0105 pr\u00f3buj\u0119 swoich si\u0142 w aktorstwie, a to jest moja witryna. Mieszkam w Krakowie, mam wspania\u0142ego psa kt\u00f3ry wabi si\u0119 Reks i lubi\u0119 pi\u00f1a colad\u0119 (oraz spacery, gdy pada deszcz).<\/p>\r\n<\/blockquote>\r\n<!-- \/wp:quote --><!-- wp:paragraph -->\r\n<p>...albo co\u015b takiego:<\/p>\r\n<!-- \/wp:paragraph --><!-- wp:quote -->\r\n<blockquote class=\"wp-block-quote\">\r\n<p>Firma XYZ Doohickey zosta\u0142a za\u0142o\u017cona w 1971 roku i od tamtej pory dostarcza spo\u0142ecze\u0144stwu dobrej jako\u015bci gad\u017cety. Znajduj\u0105ca si\u0119 w Gotham City XYZ zatrudnia ponad 2000 os\u00f3b i robi niesamowite rzeczy dla spo\u0142eczno\u015bci Gotham.<\/p>\r\n<\/blockquote>\r\n<!-- \/wp:quote --><!-- wp:paragraph -->\r\n<p>Jako nowy u\u017cytkownik WordPressa, powiniene\u015b przej\u015b\u0107 do <a href=\"https:\/\/budoprojekt.pl\/wp-admin\/\">swojego kokpitu<\/a> aby usun\u0105\u0107 t\u0119 stron\u0119 i stworzy\u0107 nowe z w\u0142asn\u0105 tre\u015bci\u0105. Dobrej zabawy!<\/p>\r\n<!-- \/wp:paragraph -->","_et_gb_content_width":"","footnotes":""},"class_list":["post-2","page","type-page","status-publish","hentry"],"_links":{"self":[{"href":"https:\/\/budoprojekt.pl\/index.php\/wp-json\/wp\/v2\/pages\/2","targetHints":{"allow":["GET"]}}],"collection":[{"href":"https:\/\/budoprojekt.pl\/index.php\/wp-json\/wp\/v2\/pages"}],"about":[{"href":"https:\/\/budoprojekt.pl\/index.php\/wp-json\/wp\/v2\/types\/page"}],"author":[{"embeddable":true,"href":"https:\/\/budoprojekt.pl\/index.php\/wp-json\/wp\/v2\/users\/1"}],"replies":[{"embeddable":true,"href":"https:\/\/budoprojekt.pl\/index.php\/wp-json\/wp\/v2\/comments?post=2"}],"version-history":[{"count":3,"href":"https:\/\/budoprojekt.pl\/index.php\/wp-json\/wp\/v2\/pages\/2\/revisions"}],"predecessor-version":[{"id":72683,"href":"https:\/\/budoprojekt.pl\/index.php\/wp-json\/wp\/v2\/pages\/2\/revisions\/72683"}],"wp:attachment":[{"href":"https:\/\/budoprojekt.pl\/index.php\/wp-json\/wp\/v2\/media?parent=2"}],"curies":[{"name":"wp","href":"https:\/\/api.w.org\/{rel}","templated":true}]}}